{"id":48,"date":"2024-02-21T11:00:41","date_gmt":"2024-02-21T11:00:41","guid":{"rendered":"https:\/\/mindfulness.erasmus.site\/?page_id=48"},"modified":"2024-07-01T10:28:06","modified_gmt":"2024-07-01T10:28:06","slug":"more-about-mindfulness-for-integration","status":"publish","type":"page","link":"https:\/\/mindfulness.erasmus.site\/de\/more-about-mindfulness-for-integration\/","title":{"rendered":"Mehr \u00fcber Achtsamkeit f\u00fcr Integration"},"content":{"rendered":"\t\t<div data-elementor-type=\"wp-page\" data-elementor-id=\"48\" class=\"elementor elementor-48\">\n\t\t\t\t<div class=\"elementor-element elementor-element-d2c21b6 e-flex e-con-boxed e-con e-parent\" data-id=\"d2c21b6\" data-element_type=\"container\" data-e-type=\"container\">\n\t\t\t\t\t<div class=\"e-con-inner\">\n\t\t\t\t<div class=\"elementor-element elementor-element-3b3e066 elementor-widget elementor-widget-heading\" data-id=\"3b3e066\" data-element_type=\"widget\" data-e-type=\"widget\" data-widget_type=\"heading.default\">\n\t\t\t\t<div class=\"elementor-widget-container\">\n\t\t\t\t\t<h2 class=\"elementor-heading-title elementor-size-default\">Haben Sie das gewusst?<\/h2>\t\t\t\t<\/div>\n\t\t\t\t<\/div>\n\t\t\t\t<div class=\"elementor-element elementor-element-800f6aa elementor-widget elementor-widget-text-editor\" data-id=\"800f6aa\" data-element_type=\"widget\" data-e-type=\"widget\" data-widget_type=\"text-editor.default\">\n\t\t\t\t<div class=\"elementor-widget-container\">\n\t\t\t\t\t\t\t\t\t<p>Die Mehrheit der Fl\u00fcchtlingeist in ihremHeimatland und w\u00e4hrendihrerReise in sicherereGebietewiederholt Stress und traumatischenEreignissenausgesetzt (Abu Suhaiban, Hiba et al., 2019). W\u00e4hrend der Neuansiedlungsindsie oft mitArbeitslosigkeitkonfrontiert, Einsamkeit und Unsicherheit in Bezug auf Asyl- und Niederlassungsverfahren und die Zukunft konfrontiert (WHO, 2019). All dieseFaktorenk\u00f6nnenzu der relativhohenPr\u00e4valenzpsychischerSt\u00f6rungenunterFl\u00fcchtlingenbeitragen (WHO, 2019). Studienhabengezeigt, dassAchtsamkeitserziehung (Vermittlung von TechnikenzurBeruhigung von Geist und K\u00f6rper) in Kombinationmitkreativen, nachdenklichen und k\u00fcnstlerischenAktivit\u00e4tenzueinemh\u00f6herenMa\u00df an sozialem Engagement f\u00fchren, die negativenAuswirkungen von Stress verringern und die F\u00e4higkeit der Menschen verbessernkann, sichzuengagieren und zukonzentrieren, was ihnenhilft, in der Schule auf Kurszubleiben und Verhaltensproblemezuvermeiden (OECD, 2018).In Griechenlandbeispielsweisegibt es hoheMigrationsraten, fast 11 % der Bev\u00f6lkerungsindMigranten, und es bestehtBedarf an unterst\u00fctzendenMa\u00dfnahmen und Produkten, um Migrantengruppen und die mitihnenarbeitendenFachkr\u00e4ftedabeizuunterst\u00fctzen, ihrepsychische Gesundheit zuerhalten, um an der Gesellschaft teilhabenzuk\u00f6nnen. Fl\u00fcchtlinge und Asylsuchendehabenberichtet, dass die Besch\u00e4ftigungmit Kunst nach der Vertreibungihnengeholfen hat, neueUnterst\u00fctzungsnetzwerkeaufzubauen und praktischeF\u00e4higkeitenzuentwickeln, die bei der Arbeitssuchen\u00fctzlichwaren (WHO, 2019). SowohlbeiKindernalsauchbeierwachsenenFl\u00fcchtlingen und Asylbewerbern hat sichgezeigt, dasskreativek\u00fcnstlerischeAktivit\u00e4ten\u00c4ngste, Depressionen, posttraumatischeBelastungsst\u00f6rungen und ProblememitGleichaltrigenverringern (Tyrer, RA; Fazel, M, 2014).<\/p>\t\t\t\t\t\t\t\t<\/div>\n\t\t\t\t<\/div>\n\t\t\t\t<div class=\"elementor-element elementor-element-8df91ea elementor-widget-divider--view-line elementor-widget elementor-widget-divider\" data-id=\"8df91ea\" data-element_type=\"widget\" data-e-type=\"widget\" data-widget_type=\"divider.default\">\n\t\t\t\t<div class=\"elementor-widget-container\">\n\t\t\t\t\t\t\t<div class=\"elementor-divider\">\n\t\t\t<span class=\"elementor-divider-separator\">\n\t\t\t\t\t\t<\/span>\n\t\t<\/div>\n\t\t\t\t\t\t<\/div>\n\t\t\t\t<\/div>\n\t\t\t\t\t<\/div>\n\t\t\t\t<\/div>\n\t\t<div class=\"elementor-element elementor-element-f04524a e-flex e-con-boxed e-con e-parent\" data-id=\"f04524a\" data-element_type=\"container\" data-e-type=\"container\">\n\t\t\t\t\t<div class=\"e-con-inner\">\n\t\t\t\t<div class=\"elementor-element elementor-element-4550898 elementor-widget elementor-widget-heading\" data-id=\"4550898\" data-element_type=\"widget\" data-e-type=\"widget\" data-widget_type=\"heading.default\">\n\t\t\t\t<div class=\"elementor-widget-container\">\n\t\t\t\t\t<h2 class=\"elementor-heading-title elementor-size-default\">\u00dcberAchtsamkeit f\u00fcr Integration<\/h2>\t\t\t\t<\/div>\n\t\t\t\t<\/div>\n\t\t\t\t<div class=\"elementor-element elementor-element-a49162f elementor-widget elementor-widget-text-editor\" data-id=\"a49162f\" data-element_type=\"widget\" data-e-type=\"widget\" data-widget_type=\"text-editor.default\">\n\t\t\t\t<div class=\"elementor-widget-container\">\n\t\t\t\t\t\t\t\t\t<p><\/p><p>Das Hauptziel des Projekts &#8222;Achtsamkeitf\u00fcr Integration&#8220; ist es, den Fachleuten des Kultur- und Kreativsektorssowie den Ersthelfern die M\u00f6glichkeitzugeben, sichdurch Kunst und Kultur um das Wohlbefinden von Migranten und Fl\u00fcchtlingenzuk\u00fcmmern.<\/p><p>Daher beabsichtigenwir:<\/p><p>&#8211; Sicherstellen, dass die spezifischenpsychischenBed\u00fcrfnisse von Fl\u00fcchtlingenverstandenwerden, um 50 Mitarbeiter von zivilgesellschaftlichenOrganisationen und lokalenBeh\u00f6rdenzuunterst\u00fctzen<\/p><p>&#8211; St\u00e4rkung und Unterst\u00fctzung des psychischenWohlbefindens von 210 Fl\u00fcchtlingendurch die Arbeit der lokalen CCS<\/p><p>&#8211; das b\u00fcrgerschaftliche Engagement und die aktiveBeteiligung von Fl\u00fcchtlingen, Asylbewerbern und schutzbed\u00fcrftigenMigranten an der Gesellschaft zuf\u00f6rdern<\/p><p>&#8211; Migranten<\/p><p>&#8211; Qualifizierung von 70 CCS-Fachkr\u00e4ftenzurErstellung von kreativem, das Wohlbefindenf\u00f6rderndemLernmaterial<\/p><p>&#8211; F\u00f6rderung der sozialenEingliederung und Vielfaltdurch Kunst und Kreativit\u00e4t in 12 lokalenBeh\u00f6rdenzurUnterst\u00fctzung von Ansiedlung und Integration<\/p>\t\t\t\t\t\t\t\t<\/div>\n\t\t\t\t<\/div>\n\t\t\t\t<div class=\"elementor-element elementor-element-e5434d2 elementor-widget-divider--view-line elementor-widget elementor-widget-divider\" data-id=\"e5434d2\" data-element_type=\"widget\" data-e-type=\"widget\" data-widget_type=\"divider.default\">\n\t\t\t\t<div class=\"elementor-widget-container\">\n\t\t\t\t\t\t\t<div class=\"elementor-divider\">\n\t\t\t<span class=\"elementor-divider-separator\">\n\t\t\t\t\t\t<\/span>\n\t\t<\/div>\n\t\t\t\t\t\t<\/div>\n\t\t\t\t<\/div>\n\t\t\t\t\t<\/div>\n\t\t\t\t<\/div>\n\t\t<div class=\"elementor-element elementor-element-06c88eb e-flex e-con-boxed e-con e-parent\" data-id=\"06c88eb\" data-element_type=\"container\" data-e-type=\"container\">\n\t\t\t\t\t<div class=\"e-con-inner\">\n\t\t<div class=\"elementor-element elementor-element-098ecf4 e-con-full e-flex e-con e-child\" data-id=\"098ecf4\" data-element_type=\"container\" data-e-type=\"container\">\n\t\t\t\t<div class=\"elementor-element elementor-element-da1b79b elementor-widget elementor-widget-heading\" data-id=\"da1b79b\" data-element_type=\"widget\" data-e-type=\"widget\" data-widget_type=\"heading.default\">\n\t\t\t\t<div class=\"elementor-widget-container\">\n\t\t\t\t\t<h2 class=\"elementor-heading-title elementor-size-default\">Achtsamkeit f\u00fcr Integration - Zielgruppen<\/h2>\t\t\t\t<\/div>\n\t\t\t\t<\/div>\n\t\t\t\t<\/div>\n\t\t<div class=\"elementor-element elementor-element-84be6f1 e-con-full e-flex e-con e-child\" data-id=\"84be6f1\" data-element_type=\"container\" data-e-type=\"container\">\n\t\t\t\t<div class=\"elementor-element elementor-element-a5e8481 elementor-widget elementor-widget-text-editor\" data-id=\"a5e8481\" data-element_type=\"widget\" data-e-type=\"widget\" data-widget_type=\"text-editor.default\">\n\t\t\t\t<div class=\"elementor-widget-container\">\n\t\t\t\t\t\t\t\t\t<p>T1. Fl\u00fcchtlinge, Asylbewerber und gef\u00e4hrdeteMigranten<\/p>\t\t\t\t\t\t\t\t<\/div>\n\t\t\t\t<\/div>\n\t\t\t\t<\/div>\n\t\t<div class=\"elementor-element elementor-element-50797db e-con-full e-flex e-con e-child\" data-id=\"50797db\" data-element_type=\"container\" data-e-type=\"container\">\n\t\t\t\t<div class=\"elementor-element elementor-element-5942acf elementor-widget elementor-widget-text-editor\" data-id=\"5942acf\" data-element_type=\"widget\" data-e-type=\"widget\" data-widget_type=\"text-editor.default\">\n\t\t\t\t<div class=\"elementor-widget-container\">\n\t\t\t\t\t\t\t\t\t<p>T2. Unterst\u00fctzungs- und Schl\u00fcsselkr\u00e4fte, Organisationen der Zivilgesellschaft<\/p>\t\t\t\t\t\t\t\t<\/div>\n\t\t\t\t<\/div>\n\t\t\t\t<\/div>\n\t\t<div class=\"elementor-element elementor-element-37a253c e-con-full e-flex e-con e-child\" data-id=\"37a253c\" data-element_type=\"container\" data-e-type=\"container\">\n\t\t\t\t<div class=\"elementor-element elementor-element-bf20747 elementor-widget elementor-widget-text-editor\" data-id=\"bf20747\" data-element_type=\"widget\" data-e-type=\"widget\" data-widget_type=\"text-editor.default\">\n\t\t\t\t<div class=\"elementor-widget-container\">\n\t\t\t\t\t\t\t\t\t<p>T3. LokaleK\u00fcnstler und Fachleute der Kreativ- und Kulturindustrie<\/p>\t\t\t\t\t\t\t\t<\/div>\n\t\t\t\t<\/div>\n\t\t\t\t<\/div>\n\t\t\t\t\t<\/div>\n\t\t\t\t<\/div>\n\t\t<div class=\"elementor-element elementor-element-bef98bf e-flex e-con-boxed e-con e-parent\" data-id=\"bef98bf\" data-element_type=\"container\" data-e-type=\"container\">\n\t\t\t\t\t<div class=\"e-con-inner\">\n\t\t\t\t<div class=\"elementor-element elementor-element-2696573 elementor-widget elementor-widget-spacer\" data-id=\"2696573\" data-element_type=\"widget\" data-e-type=\"widget\" data-widget_type=\"spacer.default\">\n\t\t\t\t<div class=\"elementor-widget-container\">\n\t\t\t\t\t\t\t<div class=\"elementor-spacer\">\n\t\t\t<div class=\"elementor-spacer-inner\"><\/div>\n\t\t<\/div>\n\t\t\t\t\t\t<\/div>\n\t\t\t\t<\/div>\n\t\t\t\t\t<\/div>\n\t\t\t\t<\/div>\n\t\t\t\t<\/div>\n\t\t","protected":false},"excerpt":{"rendered":"<p>Haben Sie das gewusst? Die Mehrheit der Fl\u00fcchtlingeist in ihremHeimatland und w\u00e4hrendihrerReise in sicherereGebietewiederholt Stress und traumatischenEreignissenausgesetzt (Abu Suhaiban, Hiba et al., 2019). W\u00e4hrend der Neuansiedlungsindsie oft mitArbeitslosigkeitkonfrontiert, Einsamkeit und Unsicherheit in Bezug auf Asyl- und Niederlassungsverfahren und die Zukunft konfrontiert (WHO, 2019). All dieseFaktorenk\u00f6nnenzu der relativhohenPr\u00e4valenzpsychischerSt\u00f6rungenunterFl\u00fcchtlingenbeitragen (WHO, 2019). Studienhabengezeigt, dassAchtsamkeitserziehung (Vermittlung von TechnikenzurBeruhigung von&hellip;&nbsp;<a href=\"https:\/\/mindfulness.erasmus.site\/de\/more-about-mindfulness-for-integration\/\" rel=\"bookmark\">Weiterlesen &raquo;<span class=\"screen-reader-text\">Mehr \u00fcber Achtsamkeit f\u00fcr Integration<\/span><\/a><\/p>\n","protected":false},"author":1,"featured_media":0,"parent":0,"menu_order":0,"comment_status":"closed","ping_status":"closed","template":"","meta":{"neve_meta_sidebar":"","neve_meta_container":"","neve_meta_enable_content_width":"off","neve_meta_content_width":100,"neve_meta_title_alignment":"","neve_meta_author_avatar":"","neve_post_elements_order":"","neve_meta_disable_header":"","neve_meta_disable_footer":"","neve_meta_disable_title":"","footnotes":""},"class_list":["post-48","page","type-page","status-publish","hentry"],"_links":{"self":[{"href":"https:\/\/mindfulness.erasmus.site\/de\/wp-json\/wp\/v2\/pages\/48","targetHints":{"allow":["GET"]}}],"collection":[{"href":"https:\/\/mindfulness.erasmus.site\/de\/wp-json\/wp\/v2\/pages"}],"about":[{"href":"https:\/\/mindfulness.erasmus.site\/de\/wp-json\/wp\/v2\/types\/page"}],"author":[{"embeddable":true,"href":"https:\/\/mindfulness.erasmus.site\/de\/wp-json\/wp\/v2\/users\/1"}],"replies":[{"embeddable":true,"href":"https:\/\/mindfulness.erasmus.site\/de\/wp-json\/wp\/v2\/comments?post=48"}],"version-history":[{"count":123,"href":"https:\/\/mindfulness.erasmus.site\/de\/wp-json\/wp\/v2\/pages\/48\/revisions"}],"predecessor-version":[{"id":1096,"href":"https:\/\/mindfulness.erasmus.site\/de\/wp-json\/wp\/v2\/pages\/48\/revisions\/1096"}],"wp:attachment":[{"href":"https:\/\/mindfulness.erasmus.site\/de\/wp-json\/wp\/v2\/media?parent=48"}],"curies":[{"name":"wp","href":"https:\/\/api.w.org\/{rel}","templated":true}]}}