{"id":52,"date":"2024-02-21T11:01:19","date_gmt":"2024-02-21T11:01:19","guid":{"rendered":"https:\/\/mindfulness.erasmus.site\/?page_id=52"},"modified":"2024-06-11T17:10:55","modified_gmt":"2024-06-11T17:10:55","slug":"partnership","status":"publish","type":"page","link":"https:\/\/mindfulness.erasmus.site\/de\/partnership\/","title":{"rendered":"Partnerschaft"},"content":{"rendered":"\t\t<div data-elementor-type=\"wp-page\" data-elementor-id=\"52\" class=\"elementor elementor-52\">\n\t\t\t\t<div class=\"elementor-element elementor-element-f07f72b e-flex e-con-boxed e-con e-parent\" data-id=\"f07f72b\" data-element_type=\"container\" data-e-type=\"container\">\n\t\t\t\t\t<div class=\"e-con-inner\">\n\t\t\t\t<div class=\"elementor-element elementor-element-4794403 elementor-widget elementor-widget-text-editor\" data-id=\"4794403\" data-element_type=\"widget\" data-e-type=\"widget\" data-widget_type=\"text-editor.default\">\n\t\t\t\t<div class=\"elementor-widget-container\">\n\t\t\t\t\t\t\t\t\t<p>Wir sind 6 Partner aus 6 EU-L\u00e4ndern!<\/p>\t\t\t\t\t\t\t\t<\/div>\n\t\t\t\t<\/div>\n\t\t\t\t\t<\/div>\n\t\t\t\t<\/div>\n\t\t<div class=\"elementor-element elementor-element-67dfc9f e-flex e-con-boxed e-con e-parent\" data-id=\"67dfc9f\" data-element_type=\"container\" data-e-type=\"container\">\n\t\t\t\t\t<div class=\"e-con-inner\">\n\t\t\t\t<div class=\"elementor-element elementor-element-182241e elementor-widget elementor-widget-image\" data-id=\"182241e\" data-element_type=\"widget\" data-e-type=\"widget\" data-widget_type=\"image.default\">\n\t\t\t\t<div class=\"elementor-widget-container\">\n\t\t\t\t\t\t\t\t\t\t\t\t\t\t\t<img fetchpriority=\"high\" decoding=\"async\" width=\"1024\" height=\"308\" src=\"https:\/\/mindfulness.erasmus.site\/wp-content\/uploads\/2024\/02\/logo_artemisszio_black-1-1024x308.webp\" class=\"attachment-large size-large wp-image-11\" alt=\"\" srcset=\"https:\/\/mindfulness.erasmus.site\/wp-content\/uploads\/2024\/02\/logo_artemisszio_black-1-1024x308.webp 1024w, https:\/\/mindfulness.erasmus.site\/wp-content\/uploads\/2024\/02\/logo_artemisszio_black-1-300x90.webp 300w, https:\/\/mindfulness.erasmus.site\/wp-content\/uploads\/2024\/02\/logo_artemisszio_black-1-768x231.webp 768w, https:\/\/mindfulness.erasmus.site\/wp-content\/uploads\/2024\/02\/logo_artemisszio_black-1-1536x462.webp 1536w, https:\/\/mindfulness.erasmus.site\/wp-content\/uploads\/2024\/02\/logo_artemisszio_black-1-2048x616.webp 2048w\" sizes=\"(max-width: 1024px) 100vw, 1024px\" \/>\t\t\t\t\t\t\t\t\t\t\t\t\t\t\t<\/div>\n\t\t\t\t<\/div>\n\t\t\t\t<div class=\"elementor-element elementor-element-fd21bb0 elementor-widget elementor-widget-heading\" data-id=\"fd21bb0\" data-element_type=\"widget\" data-e-type=\"widget\" data-widget_type=\"heading.default\">\n\t\t\t\t<div class=\"elementor-widget-container\">\n\t\t\t\t\t<h5 class=\"elementor-heading-title elementor-size-default\">Projekt-Koordinator<\/h5>\t\t\t\t<\/div>\n\t\t\t\t<\/div>\n\t\t\t\t<div class=\"elementor-element elementor-element-50abd14 elementor-widget elementor-widget-text-editor\" data-id=\"50abd14\" data-element_type=\"widget\" data-e-type=\"widget\" data-widget_type=\"text-editor.default\">\n\t\t\t\t<div class=\"elementor-widget-container\">\n\t\t\t\t\t\t\t\t\t<p><strong>ARTEMISSZI\u00d3 ALAP\u00cdTV\u00c1NY \u2013 Ungarn | <a href=\"https:\/\/artemisszio.hu\/\">artemisszio.hu<\/a><\/strong><\/p>\t\t\t\t\t\t\t\t<\/div>\n\t\t\t\t<\/div>\n\t\t\t\t<div class=\"elementor-element elementor-element-e7fe311 elementor-widget elementor-widget-text-editor\" data-id=\"e7fe311\" data-element_type=\"widget\" data-e-type=\"widget\" data-widget_type=\"text-editor.default\">\n\t\t\t\t<div class=\"elementor-widget-container\">\n\t\t\t\t\t\t\t\t\t<p>Artemisszi\u00f3wurde 1998 alsgemeinn\u00fctzige Stiftung mit Sitz in Budapest, Ungarn, gegr\u00fcndet. Wirglauben an eineoffene, tolerante Gesellschaft, in der benachteiligten Menschen Chancengebotenwerden und Interkulturalit\u00e4tgesch\u00e4tztwird. Wirwissen, dass in der heutigenglobalisierten Welt das Verst\u00e4ndnisf\u00fcrsehrunterschiedlicheGesellschafteneinenotwendigeF\u00e4higkeitist. Das ist der Weg in die Zukunft.<\/p><p>Wirsetzenunsf\u00fcrdieseZiele in unseremHeimatland und auchimAuslandein. Artemissziounterst\u00fctzt die soziale Integration von sozial und kulturellbenachteiligten Gruppen durch die Entwicklung und Durchf\u00fchrung von interkulturellenTrainingskursen, die Erstellung von Bildungsmaterialien und -methoden, die auf die Entwicklung von kritischemDenken und Empowerment abzielen. Es bietetSchulungenf\u00fcrFachleuteimsozialenBereich an: Sozialarbeiter, Lehrer, Gesundheitspersonal und Jugendarbeiter. Wirsetzenh\u00e4ufigk\u00fcnstlerische und kreativeMethodenein, um unserPublikumeinzubeziehen, z. B. Forumtheater, bildende Kunst und kreativeStadtspazierg\u00e4nge, um nureinigezunennen. Wirarbeitenzunehmend in einempartizipativenRahmenwiepartizipativerAktionsforschung und Co-Creation-Aktivit\u00e4ten.<\/p><p>Die interkulturelle Gemeinschaft von Artemisszi\u00f3, &#8222;Mira&#8220;, bietet Platz f\u00fcr die Begegnung von Drittstaatsangeh\u00f6rigen, einschlie\u00dflichMigranten, Fl\u00fcchtlingen und Ungarn, die an interkulturellenErfahrungeninteressiertsind. Das Mira House bieteteineVielzahl von Programmen an, darunterUngarischkurse, Mentoring-Veranstaltungen, Programme, die dieOrientierungim Land f\u00fcrNeuank\u00f6mmlinge und das Gemeinschaftsgef\u00fchlf\u00fcr alle f\u00f6rdern. WirhabenengeVerbindungenzueinigenweiterf\u00fchrendenSchulen und Universit\u00e4tsfakult\u00e4ten, die wirdurchunsereProjektezursozialenSensibilisierung und sozialen Integration aufgebauthaben.<\/p><p>Website: <a href=\"https:\/\/artemisszio.hu\/\">https:\/\/artemisszio.hu\/<\/a><\/p><p><\/p>\t\t\t\t\t\t\t\t<\/div>\n\t\t\t\t<\/div>\n\t\t\t\t<div class=\"elementor-element elementor-element-ddbf63e elementor-widget-divider--view-line elementor-widget elementor-widget-divider\" data-id=\"ddbf63e\" data-element_type=\"widget\" data-e-type=\"widget\" data-widget_type=\"divider.default\">\n\t\t\t\t<div class=\"elementor-widget-container\">\n\t\t\t\t\t\t\t<div class=\"elementor-divider\">\n\t\t\t<span class=\"elementor-divider-separator\">\n\t\t\t\t\t\t<\/span>\n\t\t<\/div>\n\t\t\t\t\t\t<\/div>\n\t\t\t\t<\/div>\n\t\t\t\t\t<\/div>\n\t\t\t\t<\/div>\n\t\t<div class=\"elementor-element elementor-element-9896fca e-flex e-con-boxed e-con e-parent\" data-id=\"9896fca\" data-element_type=\"container\" data-e-type=\"container\">\n\t\t\t\t\t<div class=\"e-con-inner\">\n\t\t\t\t<div class=\"elementor-element elementor-element-d0138ea elementor-widget elementor-widget-image\" data-id=\"d0138ea\" data-element_type=\"widget\" data-e-type=\"widget\" data-widget_type=\"image.default\">\n\t\t\t\t<div class=\"elementor-widget-container\">\n\t\t\t\t\t\t\t\t\t\t\t\t\t\t\t<img decoding=\"async\" width=\"1024\" height=\"325\" src=\"https:\/\/mindfulness.erasmus.site\/wp-content\/uploads\/2024\/02\/CWEP_logo-large-1024x325.webp\" class=\"attachment-large size-large wp-image-19\" alt=\"\" srcset=\"https:\/\/mindfulness.erasmus.site\/wp-content\/uploads\/2024\/02\/CWEP_logo-large-1024x325.webp 1024w, https:\/\/mindfulness.erasmus.site\/wp-content\/uploads\/2024\/02\/CWEP_logo-large-300x95.webp 300w, https:\/\/mindfulness.erasmus.site\/wp-content\/uploads\/2024\/02\/CWEP_logo-large-768x244.webp 768w, https:\/\/mindfulness.erasmus.site\/wp-content\/uploads\/2024\/02\/CWEP_logo-large.webp 1410w\" sizes=\"(max-width: 1024px) 100vw, 1024px\" \/>\t\t\t\t\t\t\t\t\t\t\t\t\t\t\t<\/div>\n\t\t\t\t<\/div>\n\t\t\t\t<div class=\"elementor-element elementor-element-8fff4bc elementor-widget elementor-widget-text-editor\" data-id=\"8fff4bc\" data-element_type=\"widget\" data-e-type=\"widget\" data-widget_type=\"text-editor.default\">\n\t\t\t\t<div class=\"elementor-widget-container\">\n\t\t\t\t\t\t\t\t\t<p><strong>STOWARZYSZENIE CENTRUM WSPIERANIA EDUKACJI I PRZEDSI\u0118BIORCZO\u015aCI &#8211; Polen | <a href=\"https:\/\/cwep.eu\/\">cwep.eu<\/a><\/strong><\/p>\t\t\t\t\t\t\t\t<\/div>\n\t\t\t\t<\/div>\n\t\t\t\t<div class=\"elementor-element elementor-element-08c370f elementor-widget elementor-widget-text-editor\" data-id=\"08c370f\" data-element_type=\"widget\" data-e-type=\"widget\" data-widget_type=\"text-editor.default\">\n\t\t\t\t<div class=\"elementor-widget-container\">\n\t\t\t\t\t\t\t\t\t<p><\/p><p>Das Centre For Education and Entrepreneurship Support (CWEP) ist eine Nichtregierungsorganisation, die 2004 von einer Gruppe von Unternehmern, Lehrern und sozialen Aktivisten aus Rzesz\u00f3w, Polen, gegr\u00fcndet wurde. CWEP arbeitet mit Unternehmen und Bildungseinrichtungen zusammen. Die Aufgabe von CWEP besteht darin, die Qualit\u00e4t der Ausbildung auf allen Ebenen und in allen Formen zu verbessern sowie das Unternehmertum zu f\u00f6rdern, um die Integration aller sozialen Gruppen, unabh\u00e4ngig von Geschlecht, Alter oder ethnischer Herkunft, zu unterst\u00fctzen. Ziele sind insbesondere die Verbesserung der Zug\u00e4nglichkeit, Qualit\u00e4t und Effizienz der Bildung f\u00fcr alle Menschen, die F\u00f6rderung und Unterst\u00fctzung der Erwachsenenbildung, des lebenslangen Lernens, des E-Learnings und der Nutzung neuer Technologien in Bildung und Unternehmertum. Der Verband arbeitet mit vielen Partnern aus Europa zusammen, um die wirtschaftliche Position von Unternehmen zu st\u00e4rken und bietet Online-Plattformen f\u00fcr Unternehmen an.<\/p><p>Website: <a href=\"https:\/\/cwep.eu\/\">https:\/\/cwep.eu\/<\/a><\/p><p><\/p><p><\/p>\t\t\t\t\t\t\t\t<\/div>\n\t\t\t\t<\/div>\n\t\t\t\t<div class=\"elementor-element elementor-element-fea138a elementor-widget-divider--view-line elementor-widget elementor-widget-divider\" data-id=\"fea138a\" data-element_type=\"widget\" data-e-type=\"widget\" data-widget_type=\"divider.default\">\n\t\t\t\t<div class=\"elementor-widget-container\">\n\t\t\t\t\t\t\t<div class=\"elementor-divider\">\n\t\t\t<span class=\"elementor-divider-separator\">\n\t\t\t\t\t\t<\/span>\n\t\t<\/div>\n\t\t\t\t\t\t<\/div>\n\t\t\t\t<\/div>\n\t\t\t\t\t<\/div>\n\t\t\t\t<\/div>\n\t\t<div class=\"elementor-element elementor-element-41c3e9f e-flex e-con-boxed e-con e-parent\" data-id=\"41c3e9f\" data-element_type=\"container\" data-e-type=\"container\">\n\t\t\t\t\t<div class=\"e-con-inner\">\n\t\t\t\t<div class=\"elementor-element elementor-element-48d14db elementor-widget elementor-widget-image\" data-id=\"48d14db\" data-element_type=\"widget\" data-e-type=\"widget\" data-widget_type=\"image.default\">\n\t\t\t\t<div class=\"elementor-widget-container\">\n\t\t\t\t\t\t\t\t\t\t\t\t\t\t\t<img decoding=\"async\" width=\"945\" height=\"264\" src=\"https:\/\/mindfulness.erasmus.site\/wp-content\/uploads\/2024\/02\/kainotomia-removebg-preview.webp\" class=\"attachment-large size-large wp-image-28\" alt=\"\" srcset=\"https:\/\/mindfulness.erasmus.site\/wp-content\/uploads\/2024\/02\/kainotomia-removebg-preview.webp 945w, https:\/\/mindfulness.erasmus.site\/wp-content\/uploads\/2024\/02\/kainotomia-removebg-preview-300x84.webp 300w, https:\/\/mindfulness.erasmus.site\/wp-content\/uploads\/2024\/02\/kainotomia-removebg-preview-768x215.webp 768w\" sizes=\"(max-width: 945px) 100vw, 945px\" \/>\t\t\t\t\t\t\t\t\t\t\t\t\t\t\t<\/div>\n\t\t\t\t<\/div>\n\t\t\t\t<div class=\"elementor-element elementor-element-d8125e2 elementor-widget elementor-widget-text-editor\" data-id=\"d8125e2\" data-element_type=\"widget\" data-e-type=\"widget\" data-widget_type=\"text-editor.default\">\n\t\t\t\t<div class=\"elementor-widget-container\">\n\t\t\t\t\t\t\t\t\t<p><strong>KAINOTOMIA &amp; SIA EE &#8211; Griechenland | <a href=\"https:\/\/kainotomia.com.gr\/\">kainotomia.com.gr<\/a><\/strong><\/p>\t\t\t\t\t\t\t\t<\/div>\n\t\t\t\t<\/div>\n\t\t\t\t<div class=\"elementor-element elementor-element-6b55f2f elementor-widget elementor-widget-text-editor\" data-id=\"6b55f2f\" data-element_type=\"widget\" data-e-type=\"widget\" data-widget_type=\"text-editor.default\">\n\t\t\t\t<div class=\"elementor-widget-container\">\n\t\t\t\t\t\t\t\t\t<p>&#8222;KAINOTOMIA&#8220; isteinZentrumf\u00fcrlebenslangesLernen (K.D.V.M) in Griechenland, das imBereich der beruflichenAus- und Weiterbildungt\u00e4tigist. KAINOTOMIA hat mehrals 60 beruflicheWeiterbildungsprogrammef\u00fcrArbeitslose, Lehrer allerBildungsstufen, Hochschulstudenten, Angestellte\/Selbst\u00e4ndige und sozialschwache Gruppen durchgef\u00fchrt, um durch innovative Programme die beruflichenM\u00f6glichkeitenzuverbessern und ihre Integration in den Arbeitsmarkt und die Gesellschaft imAllgemeinenzuf\u00f6rdern. &#8222;KAINOTOMIA&#8220; bietetBeratungsdienstef\u00fcrUnternehmen und Unterst\u00fctzungs- und Beratungsdienstef\u00fcrAuszubildende, um deren (Wieder-)Einstieg in den Arbeitsmarktzuerleichtern. &#8222;KAINOTOMIA&#8220; hat an mehrerennationalenProjektenteilgenommen und bieteteinhohesMa\u00df an Fachwissen in der Ausbildung in modernenBereichen an, die mit den auf demArbeitsmarktgefragtenBereichenkombiniertwerden, um die Kenntnisse, F\u00e4higkeiten und Einstellungen der Auszubildendenf\u00fcrihre Integration in den Arbeitsmarktzuentwickeln. Dar\u00fcberhinausbeteiligtsich &#8222;KAINOTOMIA&#8220; ankofinanziertennationalenProgrammenmit der Bezeichnung &#8222;lokaleEntwicklungs- und Unternehmerprojektef\u00fcrArbeitslose auf der GrundlagespezifischerlokalerBed\u00fcrfnisse und Entwicklungspotenziale&#8220;.<\/p><p>Website: <a href=\"https:\/\/kainotomia.com.gr\/\">https:\/\/kainotomia.com.gr\/<\/a><\/p><p><\/p>\t\t\t\t\t\t\t\t<\/div>\n\t\t\t\t<\/div>\n\t\t\t\t<div class=\"elementor-element elementor-element-bf066a5 elementor-widget-divider--view-line elementor-widget elementor-widget-divider\" data-id=\"bf066a5\" data-element_type=\"widget\" data-e-type=\"widget\" data-widget_type=\"divider.default\">\n\t\t\t\t<div class=\"elementor-widget-container\">\n\t\t\t\t\t\t\t<div class=\"elementor-divider\">\n\t\t\t<span class=\"elementor-divider-separator\">\n\t\t\t\t\t\t<\/span>\n\t\t<\/div>\n\t\t\t\t\t\t<\/div>\n\t\t\t\t<\/div>\n\t\t\t\t\t<\/div>\n\t\t\t\t<\/div>\n\t\t<div class=\"elementor-element elementor-element-0417076 e-flex e-con-boxed e-con e-parent\" data-id=\"0417076\" data-element_type=\"container\" data-e-type=\"container\">\n\t\t\t\t\t<div class=\"e-con-inner\">\n\t\t\t\t<div class=\"elementor-element elementor-element-017a7ec elementor-widget elementor-widget-image\" data-id=\"017a7ec\" data-element_type=\"widget\" data-e-type=\"widget\" data-widget_type=\"image.default\">\n\t\t\t\t<div class=\"elementor-widget-container\">\n\t\t\t\t\t\t\t\t\t\t\t\t\t\t\t<img loading=\"lazy\" decoding=\"async\" width=\"1024\" height=\"417\" src=\"https:\/\/mindfulness.erasmus.site\/wp-content\/uploads\/2024\/02\/IRMI2-1024x417.webp\" class=\"attachment-large size-large wp-image-21\" alt=\"\" srcset=\"https:\/\/mindfulness.erasmus.site\/wp-content\/uploads\/2024\/02\/IRMI2-1024x417.webp 1024w, https:\/\/mindfulness.erasmus.site\/wp-content\/uploads\/2024\/02\/IRMI2-300x122.webp 300w, https:\/\/mindfulness.erasmus.site\/wp-content\/uploads\/2024\/02\/IRMI2-768x313.webp 768w, https:\/\/mindfulness.erasmus.site\/wp-content\/uploads\/2024\/02\/IRMI2-1536x625.webp 1536w, https:\/\/mindfulness.erasmus.site\/wp-content\/uploads\/2024\/02\/IRMI2-2048x834.webp 2048w\" sizes=\"(max-width: 1024px) 100vw, 1024px\" \/>\t\t\t\t\t\t\t\t\t\t\t\t\t\t\t<\/div>\n\t\t\t\t<\/div>\n\t\t\t\t<div class=\"elementor-element elementor-element-327898b elementor-widget elementor-widget-text-editor\" data-id=\"327898b\" data-element_type=\"widget\" data-e-type=\"widget\" data-widget_type=\"text-editor.default\">\n\t\t\t\t<div class=\"elementor-widget-container\">\n\t\t\t\t\t\t\t\t\t<p><strong>INSTITUT FUR ROMA UND MINDERHEITEN EV &#8211; Deutschland | <\/strong><a href=\"https:\/\/irm-inclusion.eu\/\"><strong>irm-inclusion<\/strong><\/a><\/p>\t\t\t\t\t\t\t\t<\/div>\n\t\t\t\t<\/div>\n\t\t\t\t<div class=\"elementor-element elementor-element-4be00cd elementor-widget elementor-widget-text-editor\" data-id=\"4be00cd\" data-element_type=\"widget\" data-e-type=\"widget\" data-widget_type=\"text-editor.default\">\n\t\t\t\t<div class=\"elementor-widget-container\">\n\t\t\t\t\t\t\t\t\t<p>Das Institutf\u00fcr die Integration von Roma und Minderheitenstrebteine Gesellschaft an, in der die Zielgruppen (Roma, Migranten, Fl\u00fcchtlinge und Menschen mitgeringerenM\u00f6glichkeiten) unabh\u00e4ngig von ihrerethnischenZugeh\u00f6rigkeitgleichenZugangzuChancenhaben, in ihrer Gemeinschaft und Gesellschaft eineStimmehaben und derenBed\u00fcrfnisse von den Institutionenber\u00fccksichtigtwerden, die einendirektenEinfluss auf ihrt\u00e4gliches Leben haben. MitunseremAuftragwollenwireinenachhaltigeEntwicklung des Gemeinwesensgew\u00e4hrleisten, indemwirM\u00f6glichkeitenf\u00fcreinhochwertiges Engagement der Zivilgesellschaftschaffen, Lernm\u00f6glichkeitenf\u00f6rdern und die Zielgruppenals Menschen mitgeringerenM\u00f6glichkeitenaktiveinbeziehen.<\/p><p>Website: <a href=\"https:\/\/irm-inclusion.eu\/\">https:\/\/irm-inclusion.eu\/<\/a><\/p><p><\/p>\t\t\t\t\t\t\t\t<\/div>\n\t\t\t\t<\/div>\n\t\t\t\t<div class=\"elementor-element elementor-element-f760c28 elementor-widget-divider--view-line elementor-widget elementor-widget-divider\" data-id=\"f760c28\" data-element_type=\"widget\" data-e-type=\"widget\" data-widget_type=\"divider.default\">\n\t\t\t\t<div class=\"elementor-widget-container\">\n\t\t\t\t\t\t\t<div class=\"elementor-divider\">\n\t\t\t<span class=\"elementor-divider-separator\">\n\t\t\t\t\t\t<\/span>\n\t\t<\/div>\n\t\t\t\t\t\t<\/div>\n\t\t\t\t<\/div>\n\t\t\t\t\t<\/div>\n\t\t\t\t<\/div>\n\t\t<div class=\"elementor-element elementor-element-140bc6c e-flex e-con-boxed e-con e-parent\" data-id=\"140bc6c\" data-element_type=\"container\" data-e-type=\"container\">\n\t\t\t\t\t<div class=\"e-con-inner\">\n\t\t\t\t<div class=\"elementor-element elementor-element-965b5c1 elementor-widget elementor-widget-image\" data-id=\"965b5c1\" data-element_type=\"widget\" data-e-type=\"widget\" data-widget_type=\"image.default\">\n\t\t\t\t<div class=\"elementor-widget-container\">\n\t\t\t\t\t\t\t\t\t\t\t\t\t\t\t<img loading=\"lazy\" decoding=\"async\" width=\"1024\" height=\"614\" src=\"https:\/\/mindfulness.erasmus.site\/wp-content\/uploads\/2024\/02\/base_logo_transparent_background-1024x614.webp\" class=\"attachment-large size-large wp-image-17\" alt=\"\" srcset=\"https:\/\/mindfulness.erasmus.site\/wp-content\/uploads\/2024\/02\/base_logo_transparent_background-1024x614.webp 1024w, https:\/\/mindfulness.erasmus.site\/wp-content\/uploads\/2024\/02\/base_logo_transparent_background-300x180.webp 300w, https:\/\/mindfulness.erasmus.site\/wp-content\/uploads\/2024\/02\/base_logo_transparent_background-768x461.webp 768w, https:\/\/mindfulness.erasmus.site\/wp-content\/uploads\/2024\/02\/base_logo_transparent_background-1536x922.webp 1536w, https:\/\/mindfulness.erasmus.site\/wp-content\/uploads\/2024\/02\/base_logo_transparent_background-2048x1229.webp 2048w\" sizes=\"(max-width: 1024px) 100vw, 1024px\" \/>\t\t\t\t\t\t\t\t\t\t\t\t\t\t\t<\/div>\n\t\t\t\t<\/div>\n\t\t\t\t<div class=\"elementor-element elementor-element-a11d05c elementor-widget elementor-widget-text-editor\" data-id=\"a11d05c\" data-element_type=\"widget\" data-e-type=\"widget\" data-widget_type=\"text-editor.default\">\n\t\t\t\t<div class=\"elementor-widget-container\">\n\t\t\t\t\t\t\t\t\t<p><strong>Cuiablue O\u00dc \u2013 Estland | <a href=\"https:\/\/cuiablue.ee\">cuiablue.ee<\/a><\/strong><\/p>\t\t\t\t\t\t\t\t<\/div>\n\t\t\t\t<\/div>\n\t\t\t\t<div class=\"elementor-element elementor-element-46701c1 elementor-widget elementor-widget-text-editor\" data-id=\"46701c1\" data-element_type=\"widget\" data-e-type=\"widget\" data-widget_type=\"text-editor.default\">\n\t\t\t\t<div class=\"elementor-widget-container\">\n\t\t\t\t\t\t\t\t\t<p><\/p><p>Cuiablue O\u00dc &#8211; Estland | cuiablue.ee<\/p><p>Cuiablue O\u00dc ist ein soziales Unternehmen, das positive soziale und \u00f6kologische Ver\u00e4nderungen durch kreative Bildungsl\u00f6sungen f\u00fcr ma\u00dfgeschneidertes informelles Lernen und berufliche Bildung f\u00f6rdert. Cuiablue O\u00dc hat sich auf die Entwicklung innovativer Instrumente zur Unterst\u00fctzung von Lernbewegungen spezialisiert, indem es mit Gruppen von Menschen zusammenarbeitet, um ihre gemeinsamen \u00f6kologischen, sozialen oder kulturellen Ideen voranzubringen und gleichzeitig ihre F\u00e4higkeiten und ihr Wissen zu entwickeln.<\/p><p>Website: <a href=\"https:\/\/cuiablue.ee\">https:\/\/cuiablue.ee<\/a><\/p><p><\/p>\t\t\t\t\t\t\t\t<\/div>\n\t\t\t\t<\/div>\n\t\t\t\t<div class=\"elementor-element elementor-element-1422c6e elementor-widget-divider--view-line elementor-widget elementor-widget-divider\" data-id=\"1422c6e\" data-element_type=\"widget\" data-e-type=\"widget\" data-widget_type=\"divider.default\">\n\t\t\t\t<div class=\"elementor-widget-container\">\n\t\t\t\t\t\t\t<div class=\"elementor-divider\">\n\t\t\t<span class=\"elementor-divider-separator\">\n\t\t\t\t\t\t<\/span>\n\t\t<\/div>\n\t\t\t\t\t\t<\/div>\n\t\t\t\t<\/div>\n\t\t\t\t\t<\/div>\n\t\t\t\t<\/div>\n\t\t<div class=\"elementor-element elementor-element-17704e4 e-flex e-con-boxed e-con e-parent\" data-id=\"17704e4\" data-element_type=\"container\" data-e-type=\"container\">\n\t\t\t\t\t<div class=\"e-con-inner\">\n\t\t\t\t<div class=\"elementor-element elementor-element-bfc60a4 elementor-widget elementor-widget-image\" data-id=\"bfc60a4\" data-element_type=\"widget\" data-e-type=\"widget\" data-widget_type=\"image.default\">\n\t\t\t\t<div class=\"elementor-widget-container\">\n\t\t\t\t\t\t\t\t\t\t\t\t\t\t\t<img loading=\"lazy\" decoding=\"async\" width=\"240\" height=\"240\" src=\"https:\/\/mindfulness.erasmus.site\/wp-content\/uploads\/2024\/02\/NDF-LOGO.webp\" class=\"attachment-large size-large wp-image-30\" alt=\"\" srcset=\"https:\/\/mindfulness.erasmus.site\/wp-content\/uploads\/2024\/02\/NDF-LOGO.webp 240w, https:\/\/mindfulness.erasmus.site\/wp-content\/uploads\/2024\/02\/NDF-LOGO-150x150.webp 150w\" sizes=\"(max-width: 240px) 100vw, 240px\" \/>\t\t\t\t\t\t\t\t\t\t\t\t\t\t\t<\/div>\n\t\t\t\t<\/div>\n\t\t\t\t<div class=\"elementor-element elementor-element-03a748a elementor-widget elementor-widget-text-editor\" data-id=\"03a748a\" data-element_type=\"widget\" data-e-type=\"widget\" data-widget_type=\"text-editor.default\">\n\t\t\t\t<div class=\"elementor-widget-container\">\n\t\t\t\t\t\t\t\t\t<p><strong>NORDIC DIASPORA FORUM \u2013 Schweden | <\/strong><a href=\"https:\/\/nordicdiasporaforum.eu\/\"><strong>nordicdiasporaforum.eu<\/strong><\/a><\/p>\t\t\t\t\t\t\t\t<\/div>\n\t\t\t\t<\/div>\n\t\t\t\t<div class=\"elementor-element elementor-element-64f5ac0 elementor-widget elementor-widget-text-editor\" data-id=\"64f5ac0\" data-element_type=\"widget\" data-e-type=\"widget\" data-widget_type=\"text-editor.default\">\n\t\t\t\t<div class=\"elementor-widget-container\">\n\t\t\t\t\t\t\t\t\t<p>Das Nordic Diaspora Forum ist eine in Schweden ans\u00e4ssige Nichtregierungsorganisation (NRO), die sich an vorderster Front mit kritischen Fragen im Zusammenhang mit der Einwanderung befasst, mit besonderem Schwerpunkt auf der sozialen Eingliederung und Integration, insbesondere von jungen Einwanderern. Unsere Initiativen zielen darauf ab, ein unterst\u00fctzendes Umfeld f\u00fcr das psychische Wohlbefinden junger Menschen zu schaffen, die sich in der komplexen Welt der Einwanderung zurechtfinden m\u00fcssen. Durch Forschung, Lobbyarbeit und praktische Programme bem\u00fchen wir uns, das Bewusstsein zu sch\u00e4rfen, Ressourcen bereitzustellen und integrative R\u00e4ume zu schaffen, die positive Ergebnisse f\u00fcr junge Zuwanderer f\u00f6rdern. Informieren Sie sich \u00fcber unser Engagement f\u00fcr diese Sache als Teil unserer umfassenderen Mission im Bereich der sozialen Innovation, Inklusion und Integration.<\/p><p>Website: <a href=\"https:\/\/nordicdiasporaforum.eu\/\">https:\/\/nordicdiasporaforum.eu\/<\/a><\/p><p><\/p>\t\t\t\t\t\t\t\t<\/div>\n\t\t\t\t<\/div>\n\t\t\t\t<div class=\"elementor-element elementor-element-e765dd3 elementor-widget elementor-widget-spacer\" data-id=\"e765dd3\" data-element_type=\"widget\" data-e-type=\"widget\" data-widget_type=\"spacer.default\">\n\t\t\t\t<div class=\"elementor-widget-container\">\n\t\t\t\t\t\t\t<div class=\"elementor-spacer\">\n\t\t\t<div class=\"elementor-spacer-inner\"><\/div>\n\t\t<\/div>\n\t\t\t\t\t\t<\/div>\n\t\t\t\t<\/div>\n\t\t\t\t\t<\/div>\n\t\t\t\t<\/div>\n\t\t\t\t<\/div>\n\t\t","protected":false},"excerpt":{"rendered":"<p>Wir sind 6 Partner aus 6 EU-L\u00e4ndern! Projekt-Koordinator ARTEMISSZI\u00d3 ALAP\u00cdTV\u00c1NY \u2013 Ungarn | artemisszio.hu Artemisszi\u00f3wurde 1998 alsgemeinn\u00fctzige Stiftung mit Sitz in Budapest, Ungarn, gegr\u00fcndet. Wirglauben an eineoffene, tolerante Gesellschaft, in der benachteiligten Menschen Chancengebotenwerden und Interkulturalit\u00e4tgesch\u00e4tztwird. Wirwissen, dass in der heutigenglobalisierten Welt das Verst\u00e4ndnisf\u00fcrsehrunterschiedlicheGesellschafteneinenotwendigeF\u00e4higkeitist. Das ist der Weg in die Zukunft. Wirsetzenunsf\u00fcrdieseZiele in unseremHeimatland und&hellip;&nbsp;<a href=\"https:\/\/mindfulness.erasmus.site\/de\/partnership\/\" rel=\"bookmark\">Weiterlesen &raquo;<span class=\"screen-reader-text\">Partnerschaft<\/span><\/a><\/p>\n","protected":false},"author":1,"featured_media":0,"parent":0,"menu_order":0,"comment_status":"closed","ping_status":"closed","template":"","meta":{"neve_meta_sidebar":"","neve_meta_container":"","neve_meta_enable_content_width":"off","neve_meta_content_width":100,"neve_meta_title_alignment":"","neve_meta_author_avatar":"","neve_post_elements_order":"","neve_meta_disable_header":"","neve_meta_disable_footer":"","neve_meta_disable_title":"","footnotes":""},"class_list":["post-52","page","type-page","status-publish","hentry"],"_links":{"self":[{"href":"https:\/\/mindfulness.erasmus.site\/de\/wp-json\/wp\/v2\/pages\/52","targetHints":{"allow":["GET"]}}],"collection":[{"href":"https:\/\/mindfulness.erasmus.site\/de\/wp-json\/wp\/v2\/pages"}],"about":[{"href":"https:\/\/mindfulness.erasmus.site\/de\/wp-json\/wp\/v2\/types\/page"}],"author":[{"embeddable":true,"href":"https:\/\/mindfulness.erasmus.site\/de\/wp-json\/wp\/v2\/users\/1"}],"replies":[{"embeddable":true,"href":"https:\/\/mindfulness.erasmus.site\/de\/wp-json\/wp\/v2\/comments?post=52"}],"version-history":[{"count":161,"href":"https:\/\/mindfulness.erasmus.site\/de\/wp-json\/wp\/v2\/pages\/52\/revisions"}],"predecessor-version":[{"id":1066,"href":"https:\/\/mindfulness.erasmus.site\/de\/wp-json\/wp\/v2\/pages\/52\/revisions\/1066"}],"wp:attachment":[{"href":"https:\/\/mindfulness.erasmus.site\/de\/wp-json\/wp\/v2\/media?parent=52"}],"curies":[{"name":"wp","href":"https:\/\/api.w.org\/{rel}","templated":true}]}}