{"id":48,"date":"2024-02-21T11:00:41","date_gmt":"2024-02-21T11:00:41","guid":{"rendered":"https:\/\/mindfulness.erasmus.site\/?page_id=48"},"modified":"2024-07-01T10:28:06","modified_gmt":"2024-07-01T10:28:06","slug":"more-about-mindfulness-for-integration","status":"publish","type":"page","link":"https:\/\/mindfulness.erasmus.site\/hu\/more-about-mindfulness-for-integration\/","title":{"rendered":"Tov\u00e1bbi inform\u00e1ci\u00f3k a Mindfulness az integr\u00e1ci\u00f3\u00e9rt projektr\u0151l"},"content":{"rendered":"\t\t<div data-elementor-type=\"wp-page\" data-elementor-id=\"48\" class=\"elementor elementor-48\">\n\t\t\t\t<div class=\"elementor-element elementor-element-d2c21b6 e-flex e-con-boxed e-con e-parent\" data-id=\"d2c21b6\" data-element_type=\"container\" data-e-type=\"container\">\n\t\t\t\t\t<div class=\"e-con-inner\">\n\t\t\t\t<div class=\"elementor-element elementor-element-3b3e066 elementor-widget elementor-widget-heading\" data-id=\"3b3e066\" data-element_type=\"widget\" data-e-type=\"widget\" data-widget_type=\"heading.default\">\n\t\t\t\t<div class=\"elementor-widget-container\">\n\t\t\t\t\t<h2 class=\"elementor-heading-title elementor-size-default\">Tudtad?<\/h2>\t\t\t\t<\/div>\n\t\t\t\t<\/div>\n\t\t\t\t<div class=\"elementor-element elementor-element-800f6aa elementor-widget elementor-widget-text-editor\" data-id=\"800f6aa\" data-element_type=\"widget\" data-e-type=\"widget\" data-widget_type=\"text-editor.default\">\n\t\t\t\t<div class=\"elementor-widget-container\">\n\t\t\t\t\t\t\t\t\t<p><\/p><p>A menek\u00fcltek t\u00f6bbs\u00e9ge ism\u00e9telt stressznek \u00e9s traumatikus esem\u00e9nyeknek van kit\u00e9ve a haz\u00e1j\u00e1ban \u00e9s a biztons\u00e1gosabb ter\u00fcletekre val\u00f3 utaz\u00e1s sor\u00e1n (Abu Suhaiban, Hiba et al., 2019). A leteleped\u00e9s sor\u00e1n gyakran szembes\u00fclnek a munkan\u00e9lk\u00fclis\u00e9ggel,<\/p><p>mag\u00e1nnyal, valamint az adminisztrat\u00edv \u00e9s jogi elj\u00e1r\u00e1sokkal \u00e9s a j\u00f6v\u0151vel kapcsolatos bizonytalans\u00e1gokkal (WHO, 2019). Ezek a t\u00e9nyez\u0151k mind hozz\u00e1j\u00e1rulhatnak a ment\u00e1lis zavarok viszonylag magas el\u0151fordul\u00e1s\u00e1hoz a menek\u00fcltek k\u00f6r\u00e9ben (WHO, 2019). Kutat\u00e1sok kimutatt\u00e1k, hogy a kreat\u00edv cselekv\u00e9sekhez, gondolkod\u00e1shoz \u00e9s m\u0171v\u00e9szeti tev\u00e9kenys\u00e9gekhez kapcsol\u00f3d\u00f3 mindfulness gyakorlatok (az elme \u00e9s a test megnyugtat\u00e1s\u00e1ra szolg\u00e1l\u00f3 technik\u00e1k) magasabb szint\u0171 t\u00e1rsadalmi elk\u00f6telezetts\u00e9get eredm\u00e9nyezhetnek, cs\u00f6kkenthetik a stressz negat\u00edv hat\u00e1sait, valamint n\u00f6velhetik az emberek elk\u00f6telezetts\u00e9g\u00e9t \u00e9s koncentr\u00e1l\u00f3k\u00e9pess\u00e9g\u00e9t, seg\u00edtve \u0151ket abban, hogy tanulm\u00e1nyi t\u00e9ren a p\u00e1ly\u00e1n maradjanak, \u00e9s elker\u00fclj\u00e9k a viselked\u00e9si probl\u00e9m\u00e1kat (OECD, 2018). G\u00f6r\u00f6gorsz\u00e1gban p\u00e9ld\u00e1ul magas a bev\u00e1ndorl\u00f3k sz\u00e1ma, a lakoss\u00e1g k\u00f6zel 11%-a migr\u00e1ns, ez\u00e9rt sz\u00fcks\u00e9g van t\u00e1mogat\u00f3 int\u00e9zked\u00e9sekre \u00e9s szolg\u00e1ltat\u00e1sokra, amelyek seg\u00edtik a c\u00e9lcsoportokat \u00e9s a vel\u00fck dolgoz\u00f3 szakembereket. Ezek az int\u00e9zked\u00e9sek seg\u00edthetnek meg\u00f3vni a bev\u00e1ndorl\u00f3k ment\u00e1lis eg\u00e9szs\u00e9g\u00e9t, \u00edgy t\u00e1mogatni a t\u00e1rsadalmi beilleszked\u00e9s\u00fcket. \u00a0A menek\u00fcltek \u00e9s mened\u00e9kk\u00e9r\u0151k arr\u00f3l sz\u00e1moltak be, hogy a k\u00e9nyszer\u0171 kitelep\u00edt\u00e9st k\u00f6vet\u0151en a m\u0171v\u00e9szetekkel val\u00f3 foglalkoz\u00e1s seg\u00edtette \u0151ket abban, hogy \u00faj t\u00e1mogat\u00f3 h\u00e1l\u00f3zatokat hozzanak l\u00e9tre, \u00e9s olyan gyakorlati k\u00e9szs\u00e9geket fejlesszenek, amelyek hasznosak voltak a munkakeres\u00e9sben (WHO, 2019). Mind a gyermek \u00e9s feln\u0151tt menek\u00fcltek, mind a mened\u00e9kk\u00e9r\u0151k eset\u00e9ben a kreat\u00edv m\u0171v\u00e9szeti tev\u00e9kenys\u00e9gekr\u0151l meg\u00e1llap\u00edtott\u00e1k, hogy cs\u00f6kkentik a szorong\u00e1st, a depresszi\u00f3t, a poszttraum\u00e1s stressz zavar<strong>t<\/strong> \u00e9s a t\u00e1rsas probl\u00e9m\u00e1kat (Tyrer, RA; Fazel, M, 2014).<\/p>\t\t\t\t\t\t\t\t<\/div>\n\t\t\t\t<\/div>\n\t\t\t\t<div class=\"elementor-element elementor-element-8df91ea elementor-widget-divider--view-line elementor-widget elementor-widget-divider\" data-id=\"8df91ea\" data-element_type=\"widget\" data-e-type=\"widget\" data-widget_type=\"divider.default\">\n\t\t\t\t<div class=\"elementor-widget-container\">\n\t\t\t\t\t\t\t<div class=\"elementor-divider\">\n\t\t\t<span class=\"elementor-divider-separator\">\n\t\t\t\t\t\t<\/span>\n\t\t<\/div>\n\t\t\t\t\t\t<\/div>\n\t\t\t\t<\/div>\n\t\t\t\t\t<\/div>\n\t\t\t\t<\/div>\n\t\t<div class=\"elementor-element elementor-element-f04524a e-flex e-con-boxed e-con e-parent\" data-id=\"f04524a\" data-element_type=\"container\" data-e-type=\"container\">\n\t\t\t\t\t<div class=\"e-con-inner\">\n\t\t\t\t<div class=\"elementor-element elementor-element-4550898 elementor-widget elementor-widget-heading\" data-id=\"4550898\" data-element_type=\"widget\" data-e-type=\"widget\" data-widget_type=\"heading.default\">\n\t\t\t\t<div class=\"elementor-widget-container\">\n\t\t\t\t\t<h2 class=\"elementor-heading-title elementor-size-default\">A Mindfulness az Integr\u00e1ci\u00f3\u00e9rt<\/h2>\t\t\t\t<\/div>\n\t\t\t\t<\/div>\n\t\t\t\t<div class=\"elementor-element elementor-element-a49162f elementor-widget elementor-widget-text-editor\" data-id=\"a49162f\" data-element_type=\"widget\" data-e-type=\"widget\" data-widget_type=\"text-editor.default\">\n\t\t\t\t<div class=\"elementor-widget-container\">\n\t\t\t\t\t\t\t\t\t<p>A Mindfulness az integr\u00e1ci\u00f3\u00e9rt projekt f\u0151 c\u00e9lja, hogy a kultur\u00e1lis \u00e9s kreat\u00edv \u00e1gazat szakemberei, valamint a szoci\u00e1lis szakemberek a m\u0171v\u00e9szetek \u00e9s a kreativit\u00e1s seg\u00edts\u00e9g\u00e9vel t\u00e1mogass\u00e1k a bev\u00e1ndorl\u00f3k \u00e9s menek\u00fcltek ment\u00e1lis j\u00f3l\u00e9t\u00e9t.<br \/>Ennek \u00e9rdek\u00e9ben:<\/p><ul><li>El\u0151seg\u00edtj\u00fck, hogy 50, t\u00e1rsadalmi szervezetekben, valamint helyi hat\u00f3s\u00e1gokn\u00e1l dolgoz\u00f3 szakember m\u00e9lyebben meg\u00e9rtse a menek\u00fcltek speci\u00e1lis ment\u00e1lis eg\u00e9szs\u00e9g sz\u00fcks\u00e9gleteit, illetve betekint\u00e9st kapjon abba, hogy a m\u0171v\u00e9szeti \u00e9s kreat\u00edv eszk\u00f6z\u00f6k hogyan t\u00e1mogathatj\u00e1k ezeket.<\/li><li>210 bev\u00e1ndorl\u00f3 ment\u00e1lis j\u00f3l\u00e9t\u00e9t er\u0151s\u00edti meg \u00e9s t\u00e1mogatja majd t\u00f6bb helyi kultur\u00e1lis \u00e9s kreat\u00edv \u00e1gazati szakember munk\u00e1ja a projekt folyam\u00e1n.<\/li><li>T\u00e1mogatjuk a bev\u00e1ndorl\u00f3k, menek\u00fcltek \u00e9s mened\u00e9kk\u00e9r\u0151k t\u00e1rsadalmi szerepv\u00e1llal\u00e1s\u00e1nak \u00e9s akt\u00edv r\u00e9szv\u00e9tel\u00e9nek n\u00f6vel\u00e9s\u00e9t.<\/li><li>Tov\u00e1bbk\u00e9pz\u00e9st biztos\u00edtunk 70 kultur\u00e1lis \u00e9s kreat\u00edv \u00e1gazati szakember sz\u00e1m\u00e1ra, hogy biztons\u00e1gosan \u00e9s hat\u00e9konyan tudj\u00e1k bev\u00e1ndorl\u00f3kat m\u0171v\u00e9szeti eszk\u00f6z\u00f6kkel t\u00e1mogatni.<\/li><li>T\u00e1mogatjuk a t\u00e1rsadalmi befogad\u00e1st \u00e9s soksz\u00edn\u0171s\u00e9g el\u0151remozd\u00edt\u00e1s\u00e1t a m\u0171v\u00e9szet \u00e9s a kreativit\u00e1s seg\u00edts\u00e9g\u00e9vel a 12 helyi szervezet bevon\u00e1s\u00e1val.<\/li><\/ul><p><\/p>\t\t\t\t\t\t\t\t<\/div>\n\t\t\t\t<\/div>\n\t\t\t\t<div class=\"elementor-element elementor-element-e5434d2 elementor-widget-divider--view-line elementor-widget elementor-widget-divider\" data-id=\"e5434d2\" data-element_type=\"widget\" data-e-type=\"widget\" data-widget_type=\"divider.default\">\n\t\t\t\t<div class=\"elementor-widget-container\">\n\t\t\t\t\t\t\t<div class=\"elementor-divider\">\n\t\t\t<span class=\"elementor-divider-separator\">\n\t\t\t\t\t\t<\/span>\n\t\t<\/div>\n\t\t\t\t\t\t<\/div>\n\t\t\t\t<\/div>\n\t\t\t\t\t<\/div>\n\t\t\t\t<\/div>\n\t\t<div class=\"elementor-element elementor-element-06c88eb e-flex e-con-boxed e-con e-parent\" data-id=\"06c88eb\" data-element_type=\"container\" data-e-type=\"container\">\n\t\t\t\t\t<div class=\"e-con-inner\">\n\t\t<div class=\"elementor-element elementor-element-098ecf4 e-con-full e-flex e-con e-child\" data-id=\"098ecf4\" data-element_type=\"container\" data-e-type=\"container\">\n\t\t\t\t<div class=\"elementor-element elementor-element-da1b79b elementor-widget elementor-widget-heading\" data-id=\"da1b79b\" data-element_type=\"widget\" data-e-type=\"widget\" data-widget_type=\"heading.default\">\n\t\t\t\t<div class=\"elementor-widget-container\">\n\t\t\t\t\t<h2 class=\"elementor-heading-title elementor-size-default\">A Mindfulness for Integration c\u00e9lcsoportjai:<\/h2>\t\t\t\t<\/div>\n\t\t\t\t<\/div>\n\t\t\t\t<\/div>\n\t\t<div class=\"elementor-element elementor-element-84be6f1 e-con-full e-flex e-con e-child\" data-id=\"84be6f1\" data-element_type=\"container\" data-e-type=\"container\">\n\t\t\t\t<div class=\"elementor-element elementor-element-a5e8481 elementor-widget elementor-widget-text-editor\" data-id=\"a5e8481\" data-element_type=\"widget\" data-e-type=\"widget\" data-widget_type=\"text-editor.default\">\n\t\t\t\t<div class=\"elementor-widget-container\">\n\t\t\t\t\t\t\t\t\t<p>T1. Menek\u00fcltek, mened\u00e9kk\u00e9r\u0151k \u00e9s kiszolg\u00e1ltatott helyzetben l\u00e9v\u0151 bev\u00e1ndorl\u00f3k<\/p>\t\t\t\t\t\t\t\t<\/div>\n\t\t\t\t<\/div>\n\t\t\t\t<\/div>\n\t\t<div class=\"elementor-element elementor-element-50797db e-con-full e-flex e-con e-child\" data-id=\"50797db\" data-element_type=\"container\" data-e-type=\"container\">\n\t\t\t\t<div class=\"elementor-element elementor-element-5942acf elementor-widget elementor-widget-text-editor\" data-id=\"5942acf\" data-element_type=\"widget\" data-e-type=\"widget\" data-widget_type=\"text-editor.default\">\n\t\t\t\t<div class=\"elementor-widget-container\">\n\t\t\t\t\t\t\t\t\t<p>T2. Szoci\u00e1lis szakemberek, civil szervezetek munkat\u00e1rsai<\/p>\t\t\t\t\t\t\t\t<\/div>\n\t\t\t\t<\/div>\n\t\t\t\t<\/div>\n\t\t<div class=\"elementor-element elementor-element-37a253c e-con-full e-flex e-con e-child\" data-id=\"37a253c\" data-element_type=\"container\" data-e-type=\"container\">\n\t\t\t\t<div class=\"elementor-element elementor-element-bf20747 elementor-widget elementor-widget-text-editor\" data-id=\"bf20747\" data-element_type=\"widget\" data-e-type=\"widget\" data-widget_type=\"text-editor.default\">\n\t\t\t\t<div class=\"elementor-widget-container\">\n\t\t\t\t\t\t\t\t\t<p>T3. Helyi m\u0171v\u00e9szek, kreat\u00edv \u00e9s kultur\u00e1lis szakemberek<\/p>\t\t\t\t\t\t\t\t<\/div>\n\t\t\t\t<\/div>\n\t\t\t\t<\/div>\n\t\t\t\t\t<\/div>\n\t\t\t\t<\/div>\n\t\t<div class=\"elementor-element elementor-element-bef98bf e-flex e-con-boxed e-con e-parent\" data-id=\"bef98bf\" data-element_type=\"container\" data-e-type=\"container\">\n\t\t\t\t\t<div class=\"e-con-inner\">\n\t\t\t\t<div class=\"elementor-element elementor-element-2696573 elementor-widget elementor-widget-spacer\" data-id=\"2696573\" data-element_type=\"widget\" data-e-type=\"widget\" data-widget_type=\"spacer.default\">\n\t\t\t\t<div class=\"elementor-widget-container\">\n\t\t\t\t\t\t\t<div class=\"elementor-spacer\">\n\t\t\t<div class=\"elementor-spacer-inner\"><\/div>\n\t\t<\/div>\n\t\t\t\t\t\t<\/div>\n\t\t\t\t<\/div>\n\t\t\t\t\t<\/div>\n\t\t\t\t<\/div>\n\t\t\t\t<\/div>\n\t\t","protected":false},"excerpt":{"rendered":"<p>Tudtad? A menek\u00fcltek t\u00f6bbs\u00e9ge ism\u00e9telt stressznek \u00e9s traumatikus esem\u00e9nyeknek van kit\u00e9ve a haz\u00e1j\u00e1ban \u00e9s a biztons\u00e1gosabb ter\u00fcletekre val\u00f3 utaz\u00e1s sor\u00e1n (Abu Suhaiban, Hiba et al., 2019). A leteleped\u00e9s sor\u00e1n gyakran szembes\u00fclnek a munkan\u00e9lk\u00fclis\u00e9ggel, mag\u00e1nnyal, valamint az adminisztrat\u00edv \u00e9s jogi elj\u00e1r\u00e1sokkal \u00e9s a j\u00f6v\u0151vel kapcsolatos bizonytalans\u00e1gokkal (WHO, 2019). Ezek a t\u00e9nyez\u0151k mind hozz\u00e1j\u00e1rulhatnak a ment\u00e1lis zavarok&hellip;&nbsp;<a href=\"https:\/\/mindfulness.erasmus.site\/hu\/more-about-mindfulness-for-integration\/\" rel=\"bookmark\">Read More &raquo;<span class=\"screen-reader-text\">Tov\u00e1bbi inform\u00e1ci\u00f3k a Mindfulness az integr\u00e1ci\u00f3\u00e9rt projektr\u0151l<\/span><\/a><\/p>\n","protected":false},"author":1,"featured_media":0,"parent":0,"menu_order":0,"comment_status":"closed","ping_status":"closed","template":"","meta":{"neve_meta_sidebar":"","neve_meta_container":"","neve_meta_enable_content_width":"off","neve_meta_content_width":100,"neve_meta_title_alignment":"","neve_meta_author_avatar":"","neve_post_elements_order":"","neve_meta_disable_header":"","neve_meta_disable_footer":"","neve_meta_disable_title":"","footnotes":""},"class_list":["post-48","page","type-page","status-publish","hentry"],"_links":{"self":[{"href":"https:\/\/mindfulness.erasmus.site\/hu\/wp-json\/wp\/v2\/pages\/48","targetHints":{"allow":["GET"]}}],"collection":[{"href":"https:\/\/mindfulness.erasmus.site\/hu\/wp-json\/wp\/v2\/pages"}],"about":[{"href":"https:\/\/mindfulness.erasmus.site\/hu\/wp-json\/wp\/v2\/types\/page"}],"author":[{"embeddable":true,"href":"https:\/\/mindfulness.erasmus.site\/hu\/wp-json\/wp\/v2\/users\/1"}],"replies":[{"embeddable":true,"href":"https:\/\/mindfulness.erasmus.site\/hu\/wp-json\/wp\/v2\/comments?post=48"}],"version-history":[{"count":123,"href":"https:\/\/mindfulness.erasmus.site\/hu\/wp-json\/wp\/v2\/pages\/48\/revisions"}],"predecessor-version":[{"id":1096,"href":"https:\/\/mindfulness.erasmus.site\/hu\/wp-json\/wp\/v2\/pages\/48\/revisions\/1096"}],"wp:attachment":[{"href":"https:\/\/mindfulness.erasmus.site\/hu\/wp-json\/wp\/v2\/media?parent=48"}],"curies":[{"name":"wp","href":"https:\/\/api.w.org\/{rel}","templated":true}]}}