{"id":52,"date":"2024-02-21T11:01:19","date_gmt":"2024-02-21T11:01:19","guid":{"rendered":"https:\/\/mindfulness.erasmus.site\/?page_id=52"},"modified":"2024-06-11T17:10:55","modified_gmt":"2024-06-11T17:10:55","slug":"partnership","status":"publish","type":"page","link":"https:\/\/mindfulness.erasmus.site\/hu\/partnership\/","title":{"rendered":"Partners\u00e9g"},"content":{"rendered":"\t\t<div data-elementor-type=\"wp-page\" data-elementor-id=\"52\" class=\"elementor elementor-52\">\n\t\t\t\t<div class=\"elementor-element elementor-element-f07f72b e-flex e-con-boxed e-con e-parent\" data-id=\"f07f72b\" data-element_type=\"container\" data-e-type=\"container\">\n\t\t\t\t\t<div class=\"e-con-inner\">\n\t\t\t\t<div class=\"elementor-element elementor-element-4794403 elementor-widget elementor-widget-text-editor\" data-id=\"4794403\" data-element_type=\"widget\" data-e-type=\"widget\" data-widget_type=\"text-editor.default\">\n\t\t\t\t<div class=\"elementor-widget-container\">\n\t\t\t\t\t\t\t\t\t<p>6 partner 6 eur\u00f3pai uni\u00f3s orsz\u00e1gb\u00f3l<\/p>\t\t\t\t\t\t\t\t<\/div>\n\t\t\t\t<\/div>\n\t\t\t\t\t<\/div>\n\t\t\t\t<\/div>\n\t\t<div class=\"elementor-element elementor-element-67dfc9f e-flex e-con-boxed e-con e-parent\" data-id=\"67dfc9f\" data-element_type=\"container\" data-e-type=\"container\">\n\t\t\t\t\t<div class=\"e-con-inner\">\n\t\t\t\t<div class=\"elementor-element elementor-element-182241e elementor-widget elementor-widget-image\" data-id=\"182241e\" data-element_type=\"widget\" data-e-type=\"widget\" data-widget_type=\"image.default\">\n\t\t\t\t<div class=\"elementor-widget-container\">\n\t\t\t\t\t\t\t\t\t\t\t\t\t\t\t<img fetchpriority=\"high\" decoding=\"async\" width=\"1024\" height=\"308\" src=\"https:\/\/mindfulness.erasmus.site\/wp-content\/uploads\/2024\/02\/logo_artemisszio_black-1-1024x308.webp\" class=\"attachment-large size-large wp-image-11\" alt=\"\" srcset=\"https:\/\/mindfulness.erasmus.site\/wp-content\/uploads\/2024\/02\/logo_artemisszio_black-1-1024x308.webp 1024w, https:\/\/mindfulness.erasmus.site\/wp-content\/uploads\/2024\/02\/logo_artemisszio_black-1-300x90.webp 300w, https:\/\/mindfulness.erasmus.site\/wp-content\/uploads\/2024\/02\/logo_artemisszio_black-1-768x231.webp 768w, https:\/\/mindfulness.erasmus.site\/wp-content\/uploads\/2024\/02\/logo_artemisszio_black-1-1536x462.webp 1536w, https:\/\/mindfulness.erasmus.site\/wp-content\/uploads\/2024\/02\/logo_artemisszio_black-1-2048x616.webp 2048w\" sizes=\"(max-width: 1024px) 100vw, 1024px\" \/>\t\t\t\t\t\t\t\t\t\t\t\t\t\t\t<\/div>\n\t\t\t\t<\/div>\n\t\t\t\t<div class=\"elementor-element elementor-element-fd21bb0 elementor-widget elementor-widget-heading\" data-id=\"fd21bb0\" data-element_type=\"widget\" data-e-type=\"widget\" data-widget_type=\"heading.default\">\n\t\t\t\t<div class=\"elementor-widget-container\">\n\t\t\t\t\t<h5 class=\"elementor-heading-title elementor-size-default\">Projekt koordin\u00e1tor<\/h5>\t\t\t\t<\/div>\n\t\t\t\t<\/div>\n\t\t\t\t<div class=\"elementor-element elementor-element-50abd14 elementor-widget elementor-widget-text-editor\" data-id=\"50abd14\" data-element_type=\"widget\" data-e-type=\"widget\" data-widget_type=\"text-editor.default\">\n\t\t\t\t<div class=\"elementor-widget-container\">\n\t\t\t\t\t\t\t\t\t<p><strong>ARTEMISSZI\u00d3 ALAP\u00cdTV\u00c1NY \u2013 Magyarorsz\u00e1g | <a href=\"https:\/\/artemisszio.hu\/\">artemisszio.hu<\/a><\/strong><\/p>\t\t\t\t\t\t\t\t<\/div>\n\t\t\t\t<\/div>\n\t\t\t\t<div class=\"elementor-element elementor-element-e7fe311 elementor-widget elementor-widget-text-editor\" data-id=\"e7fe311\" data-element_type=\"widget\" data-e-type=\"widget\" data-widget_type=\"text-editor.default\">\n\t\t\t\t<div class=\"elementor-widget-container\">\n\t\t\t\t\t\t\t\t\t<p>Az Artemisszi\u00f3 1998-ban alakult non-profit szervezetk\u00e9nt, budapesti sz\u00e9khellyel. Hisz\u00fcnk egy nyitott, toler\u00e1ns t\u00e1rsadalomban, ahol a h\u00e1tr\u00e1nyos helyzet\u0171 emberek lehet\u0151s\u00e9get kapnak, \u00e9s ahol az interkulturalit\u00e1s \u00e9rt\u00e9ket k\u00e9pvisel. Tudjuk, hogy a mai globaliz\u00e1lt vil\u00e1gunkban a m\u00e9lyen k\u00fcl\u00f6nb\u00f6z\u0151 t\u00e1rsadalmak meg\u00e9rt\u00e9se sz\u00fcks\u00e9ges k\u00e9szs\u00e9g. Ez a j\u00f6v\u0151 \u00fatja.<\/p><p>Ezek\u00e9rt a c\u00e9lok\u00e9rt dolgozunk itthon \u00e9s k\u00fclf\u00f6ld\u00f6n is. Az Artemisszi\u00f3 t\u00e1mogatja a szoci\u00e1lisan \u00e9s kultur\u00e1lisan h\u00e1tr\u00e1nyos helyzet\u0171 csoportok t\u00e1rsadalmi integr\u00e1ci\u00f3j\u00e1t interkultur\u00e1lis k\u00e9pz\u00e9sek kidolgoz\u00e1s\u00e1val \u00e9s lebonyol\u00edt\u00e1s\u00e1val. Valamint oktat\u00e1si anyagok \u00e9s m\u00f3dszerek l\u00e9trehoz\u00e1s\u00e1val, amelyek c\u00e9lja a kritikus gondolkod\u00e1s fejleszt\u00e9se \u00e9s a csoportok jogainak n\u00f6vel\u00e9se. K\u00e9pz\u00e9seket biztos\u00edtunk a szoci\u00e1lis \u00e1gazat szakemberei sz\u00e1m\u00e1ra, mint p\u00e9ld\u00e1ul a szoci\u00e1lis munk\u00e1sok, tan\u00e1rok, eg\u00e9szs\u00e9g\u00fcgyi dolgoz\u00f3k \u00e9s ifj\u00fas\u00e1gseg\u00edt\u0151k. Gyakran haszn\u00e1lunk m\u0171v\u00e9szeti \u00e9s kreat\u00edv m\u00f3dszereket a k\u00f6z\u00f6ns\u00e9g bevon\u00e1s\u00e1ra, mint a F\u00f3rum Sz\u00ednh\u00e1z, a vizu\u00e1lis m\u0171v\u00e9szetek \u00e9s a kreat\u00edv v\u00e1rosi s\u00e9t\u00e1k. Egyre ink\u00e1bb r\u00e9szv\u00e9teli keretek k\u00f6z\u00f6tt dolgozunk, p\u00e9ld\u00e1ul a r\u00e9szv\u00e9teli akci\u00f3kutat\u00e1ssal \u00e9s m\u00e1s bevon\u00f3 m\u00f3dszertanokkal.<\/p><p>Az Artemisszi\u00f3 interkultur\u00e1lis k\u00f6z\u00f6ss\u00e9ge, a &#8222;Mira&#8221; helyet biztos\u00edt bev\u00e1ndorl\u00f3k, menek\u00fcltek \u00e9s az interkultur\u00e1lis \u00e9lm\u00e9nyek ir\u00e1nt \u00e9rdekl\u0151d\u0151 magyarok tal\u00e1lkoz\u00e1s\u00e1nak. A Mira H\u00e1z k\u00fcl\u00f6nb\u00f6z\u0151 programoknak ad otthont, t\u00f6bbek k\u00f6z\u00f6tt magyar nyelvtanfolyamoknak, mentor programnak, az \u00fajonnan \u00e9rkez\u0151k itthoni t\u00e1j\u00e9koz\u00f3d\u00e1s\u00e1t seg\u00edt\u0151 esem\u00e9nyeknek, valamint t\u00e1mogatja a k\u00f6z\u00f6ss\u00e9g\u00e9rzetet. Er\u0151s kapcsolatokat \u00e1polunk k\u00f6z\u00e9piskol\u00e1kkal \u00e9s egyetemi tansz\u00e9kekkel, amelyeket a t\u00e1rsadalmi \u00e9rz\u00e9keny\u00edt\u00e9ssel \u00e9s t\u00e1rsadalmi befogad\u00e1ssal kapcsolatos projektjeink r\u00e9v\u00e9n alak\u00edtottunk ki.<\/p><p>Honlap: <a href=\"https:\/\/artemisszio.hu\/\">https:\/\/artemisszio.hu\/<\/a><\/p>\t\t\t\t\t\t\t\t<\/div>\n\t\t\t\t<\/div>\n\t\t\t\t<div class=\"elementor-element elementor-element-ddbf63e elementor-widget-divider--view-line elementor-widget elementor-widget-divider\" data-id=\"ddbf63e\" data-element_type=\"widget\" data-e-type=\"widget\" data-widget_type=\"divider.default\">\n\t\t\t\t<div class=\"elementor-widget-container\">\n\t\t\t\t\t\t\t<div class=\"elementor-divider\">\n\t\t\t<span class=\"elementor-divider-separator\">\n\t\t\t\t\t\t<\/span>\n\t\t<\/div>\n\t\t\t\t\t\t<\/div>\n\t\t\t\t<\/div>\n\t\t\t\t\t<\/div>\n\t\t\t\t<\/div>\n\t\t<div class=\"elementor-element elementor-element-9896fca e-flex e-con-boxed e-con e-parent\" data-id=\"9896fca\" data-element_type=\"container\" data-e-type=\"container\">\n\t\t\t\t\t<div class=\"e-con-inner\">\n\t\t\t\t<div class=\"elementor-element elementor-element-d0138ea elementor-widget elementor-widget-image\" data-id=\"d0138ea\" data-element_type=\"widget\" data-e-type=\"widget\" data-widget_type=\"image.default\">\n\t\t\t\t<div class=\"elementor-widget-container\">\n\t\t\t\t\t\t\t\t\t\t\t\t\t\t\t<img decoding=\"async\" width=\"1024\" height=\"325\" src=\"https:\/\/mindfulness.erasmus.site\/wp-content\/uploads\/2024\/02\/CWEP_logo-large-1024x325.webp\" class=\"attachment-large size-large wp-image-19\" alt=\"\" srcset=\"https:\/\/mindfulness.erasmus.site\/wp-content\/uploads\/2024\/02\/CWEP_logo-large-1024x325.webp 1024w, https:\/\/mindfulness.erasmus.site\/wp-content\/uploads\/2024\/02\/CWEP_logo-large-300x95.webp 300w, https:\/\/mindfulness.erasmus.site\/wp-content\/uploads\/2024\/02\/CWEP_logo-large-768x244.webp 768w, https:\/\/mindfulness.erasmus.site\/wp-content\/uploads\/2024\/02\/CWEP_logo-large.webp 1410w\" sizes=\"(max-width: 1024px) 100vw, 1024px\" \/>\t\t\t\t\t\t\t\t\t\t\t\t\t\t\t<\/div>\n\t\t\t\t<\/div>\n\t\t\t\t<div class=\"elementor-element elementor-element-8fff4bc elementor-widget elementor-widget-text-editor\" data-id=\"8fff4bc\" data-element_type=\"widget\" data-e-type=\"widget\" data-widget_type=\"text-editor.default\">\n\t\t\t\t<div class=\"elementor-widget-container\">\n\t\t\t\t\t\t\t\t\t<p><strong>STOWARZYSZENIE CENTRUM WSPIERANIA EDUKACJI I PRZEDSI\u0118BIORCZO\u015aCI &#8211; Lengyelorsz\u00e1g | <a href=\"https:\/\/cwep.eu\/\">cwep.eu<\/a><\/strong><\/p>\t\t\t\t\t\t\t\t<\/div>\n\t\t\t\t<\/div>\n\t\t\t\t<div class=\"elementor-element elementor-element-08c370f elementor-widget elementor-widget-text-editor\" data-id=\"08c370f\" data-element_type=\"widget\" data-e-type=\"widget\" data-widget_type=\"text-editor.default\">\n\t\t\t\t<div class=\"elementor-widget-container\">\n\t\t\t\t\t\t\t\t\t<p><\/p><p>A Centre For Education and Entrepreneurship Support (CWEP) egy nem korm\u00e1nyzati szervezet, amelyet 2004-ben alap\u00edtott egy v\u00e1llalkoz\u00f3kb\u00f3l, tan\u00e1rokb\u00f3l \u00e9s t\u00e1rsadalmi aktivist\u00e1kb\u00f3l \u00e1ll\u00f3 csoport a lengyelorsz\u00e1gi Rzesz\u00f3wb\u00f3l. A CWEP egy\u00fcttm\u0171k\u00f6dik v\u00e1llalkoz\u00e1sokkal \u00e9s oktat\u00e1si int\u00e9zm\u00e9nyekkel. A CWEP k\u00fcldet\u00e9se az oktat\u00e1si k\u00e9pz\u00e9s min\u0151s\u00e9g\u00e9nek jav\u00edt\u00e1sa minden szinten \u00e9s minden form\u00e1ban, valamint a v\u00e1llalkoz\u00f3i szellem el\u0151mozd\u00edt\u00e1sa annak \u00e9rdek\u00e9ben, hogy el\u0151seg\u00edtse b\u00e1rmely t\u00e1rsadalmi csoport integr\u00e1ci\u00f3j\u00e1t, nemt\u0151l, kort\u00f3l \u00e9s etnikai sz\u00e1rmaz\u00e1st\u00f3l f\u00fcggetlen\u00fcl. C\u00e9lja k\u00fcl\u00f6n\u00f6sen az oktat\u00e1s hozz\u00e1f\u00e9rhet\u0151s\u00e9g\u00e9nek, min\u0151s\u00e9g\u00e9nek \u00e9s hat\u00e9konys\u00e1g\u00e1nak jav\u00edt\u00e1sa minden ember sz\u00e1m\u00e1ra, a feln\u0151ttoktat\u00e1s, az eg\u00e9sz \u00e9leten \u00e1t tart\u00f3 tanul\u00e1s, az e-learning, valamint az \u00faj technol\u00f3gi\u00e1k oktat\u00e1sban \u00e9s v\u00e1llalkoz\u00f3i tev\u00e9kenys\u00e9gben val\u00f3 alkalmaz\u00e1s\u00e1nak el\u0151mozd\u00edt\u00e1sa \u00e9s az ehhez val\u00f3 hozz\u00e1j\u00e1rul\u00e1s. Az egyes\u00fclet sz\u00e1mos eur\u00f3pai partnerrel dolgozik egy\u00fctt a v\u00e1llalkoz\u00e1sok gazdas\u00e1gi helyzet\u00e9nek er\u0151s\u00edt\u00e9se \u00e9rdek\u00e9ben, \u00e9s on-line platformokat biztos\u00edt a v\u00e1llalkoz\u00e1sok sz\u00e1m\u00e1ra.<\/p><p>Honlap: <a href=\"https:\/\/cwep.eu\/\">https:\/\/cwep.eu\/<\/a>\u00a0 <\/p>\t\t\t\t\t\t\t\t<\/div>\n\t\t\t\t<\/div>\n\t\t\t\t<div class=\"elementor-element elementor-element-fea138a elementor-widget-divider--view-line elementor-widget elementor-widget-divider\" data-id=\"fea138a\" data-element_type=\"widget\" data-e-type=\"widget\" data-widget_type=\"divider.default\">\n\t\t\t\t<div class=\"elementor-widget-container\">\n\t\t\t\t\t\t\t<div class=\"elementor-divider\">\n\t\t\t<span class=\"elementor-divider-separator\">\n\t\t\t\t\t\t<\/span>\n\t\t<\/div>\n\t\t\t\t\t\t<\/div>\n\t\t\t\t<\/div>\n\t\t\t\t\t<\/div>\n\t\t\t\t<\/div>\n\t\t<div class=\"elementor-element elementor-element-41c3e9f e-flex e-con-boxed e-con e-parent\" data-id=\"41c3e9f\" data-element_type=\"container\" data-e-type=\"container\">\n\t\t\t\t\t<div class=\"e-con-inner\">\n\t\t\t\t<div class=\"elementor-element elementor-element-48d14db elementor-widget elementor-widget-image\" data-id=\"48d14db\" data-element_type=\"widget\" data-e-type=\"widget\" data-widget_type=\"image.default\">\n\t\t\t\t<div class=\"elementor-widget-container\">\n\t\t\t\t\t\t\t\t\t\t\t\t\t\t\t<img decoding=\"async\" width=\"945\" height=\"264\" src=\"https:\/\/mindfulness.erasmus.site\/wp-content\/uploads\/2024\/02\/kainotomia-removebg-preview.webp\" class=\"attachment-large size-large wp-image-28\" alt=\"\" srcset=\"https:\/\/mindfulness.erasmus.site\/wp-content\/uploads\/2024\/02\/kainotomia-removebg-preview.webp 945w, https:\/\/mindfulness.erasmus.site\/wp-content\/uploads\/2024\/02\/kainotomia-removebg-preview-300x84.webp 300w, https:\/\/mindfulness.erasmus.site\/wp-content\/uploads\/2024\/02\/kainotomia-removebg-preview-768x215.webp 768w\" sizes=\"(max-width: 945px) 100vw, 945px\" \/>\t\t\t\t\t\t\t\t\t\t\t\t\t\t\t<\/div>\n\t\t\t\t<\/div>\n\t\t\t\t<div class=\"elementor-element elementor-element-d8125e2 elementor-widget elementor-widget-text-editor\" data-id=\"d8125e2\" data-element_type=\"widget\" data-e-type=\"widget\" data-widget_type=\"text-editor.default\">\n\t\t\t\t<div class=\"elementor-widget-container\">\n\t\t\t\t\t\t\t\t\t<p><strong>KAINOTOMIA &amp; SIA EE &#8211; G\u00f6r\u00f6gorsz\u00e1g | <a href=\"https:\/\/kainotomia.com.gr\/\">kainotomia.com.gr<\/a><\/strong><\/p>\t\t\t\t\t\t\t\t<\/div>\n\t\t\t\t<\/div>\n\t\t\t\t<div class=\"elementor-element elementor-element-6b55f2f elementor-widget elementor-widget-text-editor\" data-id=\"6b55f2f\" data-element_type=\"widget\" data-e-type=\"widget\" data-widget_type=\"text-editor.default\">\n\t\t\t\t<div class=\"elementor-widget-container\">\n\t\t\t\t\t\t\t\t\t<p>A &#8222;KAINOTOMIA&#8221; egy eg\u00e9sz \u00e9leten \u00e1t tart\u00f3 tanul\u00e1s k\u00f6zpontja (K.D.V.M) G\u00f6r\u00f6gorsz\u00e1gban, amely a szakk\u00e9pz\u00e9s \u00e9s a szakk\u00e9pz\u00e9s ter\u00fclet\u00e9n tev\u00e9kenykedik. A KAINOTOMIA t\u00f6bb mint 60 szakmai tov\u00e1bbk\u00e9pz\u00e9si programot hajtott v\u00e9gre munkan\u00e9lk\u00fcliek, minden oktat\u00e1si szint tan\u00e1rai, fels\u0151oktat\u00e1si hallgat\u00f3k, munkav\u00e1llal\u00f3k\/\u00f6nfoglalkoztatottak \u00e9s kiszolg\u00e1ltatott t\u00e1rsadalmi csoportok sz\u00e1m\u00e1ra, a szakmai lehet\u0151s\u00e9gek fejleszt\u00e9se, valamint a munkaer\u0151piacra \u00e9s \u00e1ltal\u00e1ban a t\u00e1rsadalomba val\u00f3 beilleszked\u00e9s\u00fck el\u0151mozd\u00edt\u00e1sa \u00e9s integr\u00e1ci\u00f3juk \u00e9rdek\u00e9ben, innovat\u00edv programok r\u00e9v\u00e9n. A &#8222;KAINOTOMIA&#8221; tan\u00e1csad\u00e1si szolg\u00e1ltat\u00e1sokat ny\u00fajt a v\u00e1llalkoz\u00e1soknak, valamint t\u00e1mogat\u00e1si \u00e9s tan\u00e1csad\u00f3i szolg\u00e1ltat\u00e1sokat a gyakornokoknak a munkaer\u0151piacra val\u00f3 (\u00fajra) bel\u00e9p\u00e9s megk\u00f6nny\u00edt\u00e9se \u00e9rdek\u00e9ben. A &#8222;KAINOTOMIA&#8221; sz\u00e1mos nemzeti projektben vett r\u00e9szt, magas fok\u00fa szak\u00e9rtelmet k\u00edn\u00e1lva a modern ter\u00fcleteken t\u00f6rt\u00e9n\u0151 k\u00e9pz\u00e9sben, \u00f6tv\u00f6zve azokat a munkaer\u0151piacon nagy keresletnek \u00f6rvend\u0151 ter\u00fcletekkel, hogy a gyakornokok tud\u00e1s\u00e1t, k\u00e9szs\u00e9geit \u00e9s attit\u0171djeit fejlessze a munkaer\u0151piacra val\u00f3 beilleszked\u00e9s\u00fck \u00e9rdek\u00e9ben. A &#8222;KAINOTOMIA&#8221; tov\u00e1bb\u00e1 r\u00e9szt vesz a t\u00e1rsfinansz\u00edrozott nemzeti programokban, az \u00fagynevezett helyi fejleszt\u00e9si \u00e9s v\u00e1llalkoz\u00e1si projektekben munkan\u00e9lk\u00fcliek sz\u00e1m\u00e1ra, a konkr\u00e9t helyi ig\u00e9nyek \u00e9s fejleszt\u00e9si lehet\u0151s\u00e9gek alapj\u00e1n.<\/p><p>Honlap: <a href=\"https:\/\/kainotomia.com.gr\/\">https:\/\/kainotomia.com.gr\/<\/a> <\/p>\t\t\t\t\t\t\t\t<\/div>\n\t\t\t\t<\/div>\n\t\t\t\t<div class=\"elementor-element elementor-element-bf066a5 elementor-widget-divider--view-line elementor-widget elementor-widget-divider\" data-id=\"bf066a5\" data-element_type=\"widget\" data-e-type=\"widget\" data-widget_type=\"divider.default\">\n\t\t\t\t<div class=\"elementor-widget-container\">\n\t\t\t\t\t\t\t<div class=\"elementor-divider\">\n\t\t\t<span class=\"elementor-divider-separator\">\n\t\t\t\t\t\t<\/span>\n\t\t<\/div>\n\t\t\t\t\t\t<\/div>\n\t\t\t\t<\/div>\n\t\t\t\t\t<\/div>\n\t\t\t\t<\/div>\n\t\t<div class=\"elementor-element elementor-element-0417076 e-flex e-con-boxed e-con e-parent\" data-id=\"0417076\" data-element_type=\"container\" data-e-type=\"container\">\n\t\t\t\t\t<div class=\"e-con-inner\">\n\t\t\t\t<div class=\"elementor-element elementor-element-017a7ec elementor-widget elementor-widget-image\" data-id=\"017a7ec\" data-element_type=\"widget\" data-e-type=\"widget\" data-widget_type=\"image.default\">\n\t\t\t\t<div class=\"elementor-widget-container\">\n\t\t\t\t\t\t\t\t\t\t\t\t\t\t\t<img loading=\"lazy\" decoding=\"async\" width=\"1024\" height=\"417\" src=\"https:\/\/mindfulness.erasmus.site\/wp-content\/uploads\/2024\/02\/IRMI2-1024x417.webp\" class=\"attachment-large size-large wp-image-21\" alt=\"\" srcset=\"https:\/\/mindfulness.erasmus.site\/wp-content\/uploads\/2024\/02\/IRMI2-1024x417.webp 1024w, https:\/\/mindfulness.erasmus.site\/wp-content\/uploads\/2024\/02\/IRMI2-300x122.webp 300w, https:\/\/mindfulness.erasmus.site\/wp-content\/uploads\/2024\/02\/IRMI2-768x313.webp 768w, https:\/\/mindfulness.erasmus.site\/wp-content\/uploads\/2024\/02\/IRMI2-1536x625.webp 1536w, https:\/\/mindfulness.erasmus.site\/wp-content\/uploads\/2024\/02\/IRMI2-2048x834.webp 2048w\" sizes=\"(max-width: 1024px) 100vw, 1024px\" \/>\t\t\t\t\t\t\t\t\t\t\t\t\t\t\t<\/div>\n\t\t\t\t<\/div>\n\t\t\t\t<div class=\"elementor-element elementor-element-327898b elementor-widget elementor-widget-text-editor\" data-id=\"327898b\" data-element_type=\"widget\" data-e-type=\"widget\" data-widget_type=\"text-editor.default\">\n\t\t\t\t<div class=\"elementor-widget-container\">\n\t\t\t\t\t\t\t\t\t<p><strong>INSTITUT FUR ROMA UND MINDERHEITEN EV &#8211; N\u00e9metorsz\u00e1g | <\/strong><a href=\"https:\/\/irm-inclusion.eu\/\"><strong>irm-inclusion<\/strong><\/a><\/p>\t\t\t\t\t\t\t\t<\/div>\n\t\t\t\t<\/div>\n\t\t\t\t<div class=\"elementor-element elementor-element-4be00cd elementor-widget elementor-widget-text-editor\" data-id=\"4be00cd\" data-element_type=\"widget\" data-e-type=\"widget\" data-widget_type=\"text-editor.default\">\n\t\t\t\t<div class=\"elementor-widget-container\">\n\t\t\t\t\t\t\t\t\t<p>A Roma \u00e9s Kisebbs\u00e9gi Integr\u00e1ci\u00f3s Int\u00e9zet olyan t\u00e1rsadalomra t\u00f6rekszik, ahol a c\u00e9lcsoportok (rom\u00e1k, migr\u00e1nsok, menek\u00fcltek \u00e9s h\u00e1tr\u00e1nyos helyzet\u0171ek) etnikai hovatartoz\u00e1sukt\u00f3l f\u00fcggetlen\u00fcl egyenl\u0151 es\u00e9lyekkel rendelkeznek, k\u00f6z\u00f6ss\u00e9g\u00fckben \u00e9s t\u00e1rsadalmukban hangot kapnak, \u00e9s ahol a mindennapi \u00e9let\u00fcket k\u00f6zvetlen\u00fcl befoly\u00e1sol\u00f3 int\u00e9zm\u00e9nyek foglalkoznak a sz\u00fcks\u00e9gleteikkel. K\u00fcldet\u00e9s\u00fcnkkel a fenntarthat\u00f3 k\u00f6z\u00f6ss\u00e9gi fejl\u0151d\u00e9st k\u00edv\u00e1njuk biztos\u00edtani az\u00e1ltal, hogy lehet\u0151s\u00e9get teremt\u00fcnk a civil t\u00e1rsadalom min\u0151s\u00e9gi szerepv\u00e1llal\u00e1s\u00e1ra, a tanul\u00e1si lehet\u0151s\u00e9gek el\u0151mozd\u00edt\u00e1s\u00e1ra \u00e9s a c\u00e9lcsoportok, mint es\u00e9lytelenebb emberek akt\u00edv bevon\u00e1s\u00e1ra.<\/p><p>Honlap: <a href=\"https:\/\/irm-inclusion.eu\/\">https:\/\/irm-inclusion.eu\/<\/a> <\/p>\t\t\t\t\t\t\t\t<\/div>\n\t\t\t\t<\/div>\n\t\t\t\t<div class=\"elementor-element elementor-element-f760c28 elementor-widget-divider--view-line elementor-widget elementor-widget-divider\" data-id=\"f760c28\" data-element_type=\"widget\" data-e-type=\"widget\" data-widget_type=\"divider.default\">\n\t\t\t\t<div class=\"elementor-widget-container\">\n\t\t\t\t\t\t\t<div class=\"elementor-divider\">\n\t\t\t<span class=\"elementor-divider-separator\">\n\t\t\t\t\t\t<\/span>\n\t\t<\/div>\n\t\t\t\t\t\t<\/div>\n\t\t\t\t<\/div>\n\t\t\t\t\t<\/div>\n\t\t\t\t<\/div>\n\t\t<div class=\"elementor-element elementor-element-140bc6c e-flex e-con-boxed e-con e-parent\" data-id=\"140bc6c\" data-element_type=\"container\" data-e-type=\"container\">\n\t\t\t\t\t<div class=\"e-con-inner\">\n\t\t\t\t<div class=\"elementor-element elementor-element-965b5c1 elementor-widget elementor-widget-image\" data-id=\"965b5c1\" data-element_type=\"widget\" data-e-type=\"widget\" data-widget_type=\"image.default\">\n\t\t\t\t<div class=\"elementor-widget-container\">\n\t\t\t\t\t\t\t\t\t\t\t\t\t\t\t<img loading=\"lazy\" decoding=\"async\" width=\"1024\" height=\"614\" src=\"https:\/\/mindfulness.erasmus.site\/wp-content\/uploads\/2024\/02\/base_logo_transparent_background-1024x614.webp\" class=\"attachment-large size-large wp-image-17\" alt=\"\" srcset=\"https:\/\/mindfulness.erasmus.site\/wp-content\/uploads\/2024\/02\/base_logo_transparent_background-1024x614.webp 1024w, https:\/\/mindfulness.erasmus.site\/wp-content\/uploads\/2024\/02\/base_logo_transparent_background-300x180.webp 300w, https:\/\/mindfulness.erasmus.site\/wp-content\/uploads\/2024\/02\/base_logo_transparent_background-768x461.webp 768w, https:\/\/mindfulness.erasmus.site\/wp-content\/uploads\/2024\/02\/base_logo_transparent_background-1536x922.webp 1536w, https:\/\/mindfulness.erasmus.site\/wp-content\/uploads\/2024\/02\/base_logo_transparent_background-2048x1229.webp 2048w\" sizes=\"(max-width: 1024px) 100vw, 1024px\" \/>\t\t\t\t\t\t\t\t\t\t\t\t\t\t\t<\/div>\n\t\t\t\t<\/div>\n\t\t\t\t<div class=\"elementor-element elementor-element-a11d05c elementor-widget elementor-widget-text-editor\" data-id=\"a11d05c\" data-element_type=\"widget\" data-e-type=\"widget\" data-widget_type=\"text-editor.default\">\n\t\t\t\t<div class=\"elementor-widget-container\">\n\t\t\t\t\t\t\t\t\t<p><strong>Cuiablue O\u00dc \u2013 \u00c9sztorsz\u00e1g | <a href=\"https:\/\/cuiablue.ee\">cuiablue.ee<\/a><\/strong><\/p>\t\t\t\t\t\t\t\t<\/div>\n\t\t\t\t<\/div>\n\t\t\t\t<div class=\"elementor-element elementor-element-46701c1 elementor-widget elementor-widget-text-editor\" data-id=\"46701c1\" data-element_type=\"widget\" data-e-type=\"widget\" data-widget_type=\"text-editor.default\">\n\t\t\t\t<div class=\"elementor-widget-container\">\n\t\t\t\t\t\t\t\t\t<p>A Cuiablue O\u00dc egy olyan t\u00e1rsadalmi v\u00e1llalkoz\u00e1s, amely a szem\u00e9lyre szabott inform\u00e1lis tanul\u00e1s \u00e9s szakk\u00e9pz\u00e9s kreat\u00edv oktat\u00e1si megold\u00e1sain kereszt\u00fcl pozit\u00edv t\u00e1rsadalmi \u00e9s k\u00f6rnyezeti v\u00e1ltoz\u00e1sokat \u00f6szt\u00f6n\u00f6z. A Cuiablue O\u00dc a tanul\u00e1si mozgalmak t\u00e1mogat\u00e1s\u00e1ra szolg\u00e1l\u00f3 innovat\u00edv eszk\u00f6z\u00f6k tervez\u00e9s\u00e9re szakosodott, az\u00e1ltal, hogy emberek csoportjaival egy\u00fcttm\u0171k\u00f6dve el\u0151mozd\u00edtja k\u00f6z\u00f6s k\u00f6rnyezeti, t\u00e1rsadalmi vagy kultur\u00e1lis elk\u00e9pzel\u00e9seiket, mik\u00f6zben egyidej\u0171leg fejleszti k\u00e9szs\u00e9geiket \u00e9s tud\u00e1sukat.<\/p><p>Honlap: <a href=\"https:\/\/cuiablue.ee\">https:\/\/cuiablue.ee<\/a>\u00a0 <\/p>\t\t\t\t\t\t\t\t<\/div>\n\t\t\t\t<\/div>\n\t\t\t\t<div class=\"elementor-element elementor-element-1422c6e elementor-widget-divider--view-line elementor-widget elementor-widget-divider\" data-id=\"1422c6e\" data-element_type=\"widget\" data-e-type=\"widget\" data-widget_type=\"divider.default\">\n\t\t\t\t<div class=\"elementor-widget-container\">\n\t\t\t\t\t\t\t<div class=\"elementor-divider\">\n\t\t\t<span class=\"elementor-divider-separator\">\n\t\t\t\t\t\t<\/span>\n\t\t<\/div>\n\t\t\t\t\t\t<\/div>\n\t\t\t\t<\/div>\n\t\t\t\t\t<\/div>\n\t\t\t\t<\/div>\n\t\t<div class=\"elementor-element elementor-element-17704e4 e-flex e-con-boxed e-con e-parent\" data-id=\"17704e4\" data-element_type=\"container\" data-e-type=\"container\">\n\t\t\t\t\t<div class=\"e-con-inner\">\n\t\t\t\t<div class=\"elementor-element elementor-element-bfc60a4 elementor-widget elementor-widget-image\" data-id=\"bfc60a4\" data-element_type=\"widget\" data-e-type=\"widget\" data-widget_type=\"image.default\">\n\t\t\t\t<div class=\"elementor-widget-container\">\n\t\t\t\t\t\t\t\t\t\t\t\t\t\t\t<img loading=\"lazy\" decoding=\"async\" width=\"240\" height=\"240\" src=\"https:\/\/mindfulness.erasmus.site\/wp-content\/uploads\/2024\/02\/NDF-LOGO.webp\" class=\"attachment-large size-large wp-image-30\" alt=\"\" srcset=\"https:\/\/mindfulness.erasmus.site\/wp-content\/uploads\/2024\/02\/NDF-LOGO.webp 240w, https:\/\/mindfulness.erasmus.site\/wp-content\/uploads\/2024\/02\/NDF-LOGO-150x150.webp 150w\" sizes=\"(max-width: 240px) 100vw, 240px\" \/>\t\t\t\t\t\t\t\t\t\t\t\t\t\t\t<\/div>\n\t\t\t\t<\/div>\n\t\t\t\t<div class=\"elementor-element elementor-element-03a748a elementor-widget elementor-widget-text-editor\" data-id=\"03a748a\" data-element_type=\"widget\" data-e-type=\"widget\" data-widget_type=\"text-editor.default\">\n\t\t\t\t<div class=\"elementor-widget-container\">\n\t\t\t\t\t\t\t\t\t<p><strong>NORDIC DIASPORA FORUM \u2013 Sv\u00e9dorsz\u00e1g  | <\/strong><a href=\"https:\/\/nordicdiasporaforum.eu\/\"><strong>nordicdiasporaforum.eu<\/strong><\/a><\/p>\t\t\t\t\t\t\t\t<\/div>\n\t\t\t\t<\/div>\n\t\t\t\t<div class=\"elementor-element elementor-element-64f5ac0 elementor-widget elementor-widget-text-editor\" data-id=\"64f5ac0\" data-element_type=\"widget\" data-e-type=\"widget\" data-widget_type=\"text-editor.default\">\n\t\t\t\t<div class=\"elementor-widget-container\">\n\t\t\t\t\t\t\t\t\t<p>A Nordic Diaspora Forum egy sv\u00e9d sz\u00e9khely\u0171 civil szervezet, amely \u00e9len j\u00e1r a bev\u00e1ndorl\u00e1ssal kapcsolatos kritikus k\u00e9rd\u00e9sek kezel\u00e9s\u00e9ben, k\u00fcl\u00f6n\u00f6s tekintettel a t\u00e1rsadalmi befogad\u00e1sra \u00e9s integr\u00e1ci\u00f3ra, k\u00fcl\u00f6n\u00f6sen a fiatal bev\u00e1ndorl\u00f3k k\u00f6r\u00e9ben. Kezdem\u00e9nyez\u00e9seink c\u00e9lja, hogy t\u00e1mogat\u00f3 k\u00f6rnyezetet teremts\u00fcnk a bev\u00e1ndorl\u00e1s bonyolult helyzet\u00e9ben eligazod\u00f3 fiatalok ment\u00e1lis j\u00f3l\u00e9t\u00e9hez. Kutat\u00e1ssal, \u00e9rdek\u00e9rv\u00e9nyes\u00edt\u00e9ssel \u00e9s gyakorlati programokkal igyeksz\u00fcnk n\u00f6velni a tudatoss\u00e1got, forr\u00e1sokat biztos\u00edtani, \u00e9s olyan befogad\u00f3 tereket l\u00e9trehozni, amelyek el\u0151seg\u00edtik a bev\u00e1ndorl\u00f3 fiatalok pozit\u00edv kimenetel\u00e9t. Fedezze fel elk\u00f6telezetts\u00e9g\u00fcnket ezen \u00fcgy ir\u00e1nt, amely a t\u00e1rsadalmi innov\u00e1ci\u00f3, a befogad\u00e1s \u00e9s az integr\u00e1ci\u00f3 ter\u00fclet\u00e9n v\u00e9gzett sz\u00e9lesebb k\u00f6r\u0171 k\u00fcldet\u00e9s\u00fcnk r\u00e9sz\u00e9t k\u00e9pezi.<\/p><p>Honlap: <a href=\"https:\/\/nordicdiasporaforum.eu\/\">https:\/\/nordicdiasporaforum.eu\/<\/a> \u00a0 <\/p>\t\t\t\t\t\t\t\t<\/div>\n\t\t\t\t<\/div>\n\t\t\t\t<div class=\"elementor-element elementor-element-e765dd3 elementor-widget elementor-widget-spacer\" data-id=\"e765dd3\" data-element_type=\"widget\" data-e-type=\"widget\" data-widget_type=\"spacer.default\">\n\t\t\t\t<div class=\"elementor-widget-container\">\n\t\t\t\t\t\t\t<div class=\"elementor-spacer\">\n\t\t\t<div class=\"elementor-spacer-inner\"><\/div>\n\t\t<\/div>\n\t\t\t\t\t\t<\/div>\n\t\t\t\t<\/div>\n\t\t\t\t\t<\/div>\n\t\t\t\t<\/div>\n\t\t\t\t<\/div>\n\t\t","protected":false},"excerpt":{"rendered":"<p>6 partner 6 eur\u00f3pai uni\u00f3s orsz\u00e1gb\u00f3l Projekt koordin\u00e1tor ARTEMISSZI\u00d3 ALAP\u00cdTV\u00c1NY \u2013 Magyarorsz\u00e1g | artemisszio.hu Az Artemisszi\u00f3 1998-ban alakult non-profit szervezetk\u00e9nt, budapesti sz\u00e9khellyel. Hisz\u00fcnk egy nyitott, toler\u00e1ns t\u00e1rsadalomban, ahol a h\u00e1tr\u00e1nyos helyzet\u0171 emberek lehet\u0151s\u00e9get kapnak, \u00e9s ahol az interkulturalit\u00e1s \u00e9rt\u00e9ket k\u00e9pvisel. Tudjuk, hogy a mai globaliz\u00e1lt vil\u00e1gunkban a m\u00e9lyen k\u00fcl\u00f6nb\u00f6z\u0151 t\u00e1rsadalmak meg\u00e9rt\u00e9se sz\u00fcks\u00e9ges k\u00e9szs\u00e9g. Ez a&hellip;&nbsp;<a href=\"https:\/\/mindfulness.erasmus.site\/hu\/partnership\/\" rel=\"bookmark\">Read More &raquo;<span class=\"screen-reader-text\">Partners\u00e9g<\/span><\/a><\/p>\n","protected":false},"author":1,"featured_media":0,"parent":0,"menu_order":0,"comment_status":"closed","ping_status":"closed","template":"","meta":{"neve_meta_sidebar":"","neve_meta_container":"","neve_meta_enable_content_width":"off","neve_meta_content_width":100,"neve_meta_title_alignment":"","neve_meta_author_avatar":"","neve_post_elements_order":"","neve_meta_disable_header":"","neve_meta_disable_footer":"","neve_meta_disable_title":"","footnotes":""},"class_list":["post-52","page","type-page","status-publish","hentry"],"_links":{"self":[{"href":"https:\/\/mindfulness.erasmus.site\/hu\/wp-json\/wp\/v2\/pages\/52","targetHints":{"allow":["GET"]}}],"collection":[{"href":"https:\/\/mindfulness.erasmus.site\/hu\/wp-json\/wp\/v2\/pages"}],"about":[{"href":"https:\/\/mindfulness.erasmus.site\/hu\/wp-json\/wp\/v2\/types\/page"}],"author":[{"embeddable":true,"href":"https:\/\/mindfulness.erasmus.site\/hu\/wp-json\/wp\/v2\/users\/1"}],"replies":[{"embeddable":true,"href":"https:\/\/mindfulness.erasmus.site\/hu\/wp-json\/wp\/v2\/comments?post=52"}],"version-history":[{"count":161,"href":"https:\/\/mindfulness.erasmus.site\/hu\/wp-json\/wp\/v2\/pages\/52\/revisions"}],"predecessor-version":[{"id":1066,"href":"https:\/\/mindfulness.erasmus.site\/hu\/wp-json\/wp\/v2\/pages\/52\/revisions\/1066"}],"wp:attachment":[{"href":"https:\/\/mindfulness.erasmus.site\/hu\/wp-json\/wp\/v2\/media?parent=52"}],"curies":[{"name":"wp","href":"https:\/\/api.w.org\/{rel}","templated":true}]}}