{"id":52,"date":"2024-02-21T11:01:19","date_gmt":"2024-02-21T11:01:19","guid":{"rendered":"https:\/\/mindfulness.erasmus.site\/?page_id=52"},"modified":"2024-06-11T17:10:55","modified_gmt":"2024-06-11T17:10:55","slug":"partnership","status":"publish","type":"page","link":"https:\/\/mindfulness.erasmus.site\/sv\/partnership\/","title":{"rendered":"Partnerskap"},"content":{"rendered":"\t\t<div data-elementor-type=\"wp-page\" data-elementor-id=\"52\" class=\"elementor elementor-52\">\n\t\t\t\t<div class=\"elementor-element elementor-element-f07f72b e-flex e-con-boxed e-con e-parent\" data-id=\"f07f72b\" data-element_type=\"container\" data-e-type=\"container\">\n\t\t\t\t\t<div class=\"e-con-inner\">\n\t\t\t\t<div class=\"elementor-element elementor-element-4794403 elementor-widget elementor-widget-text-editor\" data-id=\"4794403\" data-element_type=\"widget\" data-e-type=\"widget\" data-widget_type=\"text-editor.default\">\n\t\t\t\t<div class=\"elementor-widget-container\">\n\t\t\t\t\t\t\t\t\t<p>Vi \u00e4r 6 partners fr\u00e5n 6 EU-l\u00e4nder!<\/p>\t\t\t\t\t\t\t\t<\/div>\n\t\t\t\t<\/div>\n\t\t\t\t\t<\/div>\n\t\t\t\t<\/div>\n\t\t<div class=\"elementor-element elementor-element-67dfc9f e-flex e-con-boxed e-con e-parent\" data-id=\"67dfc9f\" data-element_type=\"container\" data-e-type=\"container\">\n\t\t\t\t\t<div class=\"e-con-inner\">\n\t\t\t\t<div class=\"elementor-element elementor-element-182241e elementor-widget elementor-widget-image\" data-id=\"182241e\" data-element_type=\"widget\" data-e-type=\"widget\" data-widget_type=\"image.default\">\n\t\t\t\t<div class=\"elementor-widget-container\">\n\t\t\t\t\t\t\t\t\t\t\t\t\t\t\t<img fetchpriority=\"high\" decoding=\"async\" width=\"1024\" height=\"308\" src=\"https:\/\/mindfulness.erasmus.site\/wp-content\/uploads\/2024\/02\/logo_artemisszio_black-1-1024x308.webp\" class=\"attachment-large size-large wp-image-11\" alt=\"\" srcset=\"https:\/\/mindfulness.erasmus.site\/wp-content\/uploads\/2024\/02\/logo_artemisszio_black-1-1024x308.webp 1024w, https:\/\/mindfulness.erasmus.site\/wp-content\/uploads\/2024\/02\/logo_artemisszio_black-1-300x90.webp 300w, https:\/\/mindfulness.erasmus.site\/wp-content\/uploads\/2024\/02\/logo_artemisszio_black-1-768x231.webp 768w, https:\/\/mindfulness.erasmus.site\/wp-content\/uploads\/2024\/02\/logo_artemisszio_black-1-1536x462.webp 1536w, https:\/\/mindfulness.erasmus.site\/wp-content\/uploads\/2024\/02\/logo_artemisszio_black-1-2048x616.webp 2048w\" sizes=\"(max-width: 1024px) 100vw, 1024px\" \/>\t\t\t\t\t\t\t\t\t\t\t\t\t\t\t<\/div>\n\t\t\t\t<\/div>\n\t\t\t\t<div class=\"elementor-element elementor-element-fd21bb0 elementor-widget elementor-widget-heading\" data-id=\"fd21bb0\" data-element_type=\"widget\" data-e-type=\"widget\" data-widget_type=\"heading.default\">\n\t\t\t\t<div class=\"elementor-widget-container\">\n\t\t\t\t\t<h5 class=\"elementor-heading-title elementor-size-default\">Projektkoordinator<\/h5>\t\t\t\t<\/div>\n\t\t\t\t<\/div>\n\t\t\t\t<div class=\"elementor-element elementor-element-50abd14 elementor-widget elementor-widget-text-editor\" data-id=\"50abd14\" data-element_type=\"widget\" data-e-type=\"widget\" data-widget_type=\"text-editor.default\">\n\t\t\t\t<div class=\"elementor-widget-container\">\n\t\t\t\t\t\t\t\t\t<p><strong>ARTEMISSZI\u00d3 ALAP\u00cdTV\u00c1NY \u2013 Ungern | <a href=\"https:\/\/artemisszio.hu\/\">artemisszio.hu<\/a><\/strong><\/p>\t\t\t\t\t\t\t\t<\/div>\n\t\t\t\t<\/div>\n\t\t\t\t<div class=\"elementor-element elementor-element-e7fe311 elementor-widget elementor-widget-text-editor\" data-id=\"e7fe311\" data-element_type=\"widget\" data-e-type=\"widget\" data-widget_type=\"text-editor.default\">\n\t\t\t\t<div class=\"elementor-widget-container\">\n\t\t\t\t\t\t\t\t\t<p>Artemisszi\u00f3 grundades 1998 som en v\u00e4lg\u00f6renhetsstiftelse baserad i Budapest, Ungern. Vi tror p\u00e5 ett \u00f6ppet, tolerant samh\u00e4lle, d\u00e4r missgynnade m\u00e4nniskor ges m\u00f6jligheter och interkulturalitet v\u00e4rdes\u00e4tts. Vi vet att i denna nuvarande globaliserade v\u00e4rld \u00e4r f\u00f6rst\u00e5elsen av djupt varierande samh\u00e4llen en n\u00f6dv\u00e4ndig f\u00e4rdighet. Detta \u00e4r v\u00e4gen fram\u00e5t.<\/p><p>Vi arbetar mot dessa m\u00e5l \u00e4ven i v\u00e5rt hemland och utomlands. Artemisszio st\u00f6der social integration av socialt och kulturellt missgynnade grupper genom att utveckla och genomf\u00f6ra interkulturella utbildningar, skapa utbildningsmaterial och metoder, som syftar till att utveckla kritiskt t\u00e4nkande och egenmakt. Ger utbildningar f\u00f6r yrkesverksamma inom den sociala sektorn: socialarbetare, l\u00e4rare, v\u00e5rdpersonal och ungdomsarbetare. Vi anv\u00e4nder ofta konstn\u00e4rliga och kreativa metoder f\u00f6r att engagera v\u00e5r publik, som Forumteater, bildkonst och kreativ stadsvandring, bland annat. Vi arbetar mer och mer inom deltagande ramar som deltagande aktionsforskning och samskapande aktiviteter.<\/p><p>Artemisszi\u00f3s interkulturella gemenskap, &#8221;Mira&#8221; erbjuder plats f\u00f6r m\u00f6tet mellan tredjelandsmedborgare, inklusive migranter, flyktingar och ungrare som \u00e4r intresserade av interkulturella upplevelser. Mira House \u00e4r v\u00e4rd f\u00f6r en m\u00e4ngd olika program, inklusive ungerska kurser, mentorskapsevenemang, program som st\u00f6djer orienteringen i landet f\u00f6r nyanl\u00e4nda och k\u00e4nslan av gemenskap f\u00f6r alla. Vi har starka kontakter med n\u00e5gra gymnasieskolor och universitetsavdelningar som vi utvecklat genom v\u00e5ra projekt relaterade till social sensibilisering och social integration.<\/p><p>Webbplats: <a href=\"https:\/\/artemisszio.hu\/\">https:\/\/artemisszio.hu\/<\/a> <\/p>\t\t\t\t\t\t\t\t<\/div>\n\t\t\t\t<\/div>\n\t\t\t\t<div class=\"elementor-element elementor-element-ddbf63e elementor-widget-divider--view-line elementor-widget elementor-widget-divider\" data-id=\"ddbf63e\" data-element_type=\"widget\" data-e-type=\"widget\" data-widget_type=\"divider.default\">\n\t\t\t\t<div class=\"elementor-widget-container\">\n\t\t\t\t\t\t\t<div class=\"elementor-divider\">\n\t\t\t<span class=\"elementor-divider-separator\">\n\t\t\t\t\t\t<\/span>\n\t\t<\/div>\n\t\t\t\t\t\t<\/div>\n\t\t\t\t<\/div>\n\t\t\t\t\t<\/div>\n\t\t\t\t<\/div>\n\t\t<div class=\"elementor-element elementor-element-9896fca e-flex e-con-boxed e-con e-parent\" data-id=\"9896fca\" data-element_type=\"container\" data-e-type=\"container\">\n\t\t\t\t\t<div class=\"e-con-inner\">\n\t\t\t\t<div class=\"elementor-element elementor-element-d0138ea elementor-widget elementor-widget-image\" data-id=\"d0138ea\" data-element_type=\"widget\" data-e-type=\"widget\" data-widget_type=\"image.default\">\n\t\t\t\t<div class=\"elementor-widget-container\">\n\t\t\t\t\t\t\t\t\t\t\t\t\t\t\t<img decoding=\"async\" width=\"1024\" height=\"325\" src=\"https:\/\/mindfulness.erasmus.site\/wp-content\/uploads\/2024\/02\/CWEP_logo-large-1024x325.webp\" class=\"attachment-large size-large wp-image-19\" alt=\"\" srcset=\"https:\/\/mindfulness.erasmus.site\/wp-content\/uploads\/2024\/02\/CWEP_logo-large-1024x325.webp 1024w, https:\/\/mindfulness.erasmus.site\/wp-content\/uploads\/2024\/02\/CWEP_logo-large-300x95.webp 300w, https:\/\/mindfulness.erasmus.site\/wp-content\/uploads\/2024\/02\/CWEP_logo-large-768x244.webp 768w, https:\/\/mindfulness.erasmus.site\/wp-content\/uploads\/2024\/02\/CWEP_logo-large.webp 1410w\" sizes=\"(max-width: 1024px) 100vw, 1024px\" \/>\t\t\t\t\t\t\t\t\t\t\t\t\t\t\t<\/div>\n\t\t\t\t<\/div>\n\t\t\t\t<div class=\"elementor-element elementor-element-8fff4bc elementor-widget elementor-widget-text-editor\" data-id=\"8fff4bc\" data-element_type=\"widget\" data-e-type=\"widget\" data-widget_type=\"text-editor.default\">\n\t\t\t\t<div class=\"elementor-widget-container\">\n\t\t\t\t\t\t\t\t\t<p><strong>STOWARZYSZENIE CENTRUM WSPIERANIA EDUKACJI I PRZEDSI\u0118BIORCZO\u015aCI &#8211; Polen | <a href=\"https:\/\/cwep.eu\/\">cwep.eu<\/a><\/strong><\/p>\t\t\t\t\t\t\t\t<\/div>\n\t\t\t\t<\/div>\n\t\t\t\t<div class=\"elementor-element elementor-element-08c370f elementor-widget elementor-widget-text-editor\" data-id=\"08c370f\" data-element_type=\"widget\" data-e-type=\"widget\" data-widget_type=\"text-editor.default\">\n\t\t\t\t<div class=\"elementor-widget-container\">\n\t\t\t\t\t\t\t\t\t<p><\/p><p>Centre For Education and Entrepreneurship Support (CWEP) \u00e4r en icke-statlig organisation som grundades 2004 av en grupp entrepren\u00f6rer, l\u00e4rare och sociala aktivister fr\u00e5n Rzesz\u00f3w, Polen. CWEP samarbetar med f\u00f6retag och utbildningsinstitutioner. CWEP:s uppdrag \u00e4r att h\u00f6ja kvaliteten p\u00e5 utbildning p\u00e5 alla niv\u00e5er och i alla dess former, samt att fr\u00e4mja entrepren\u00f6rskap f\u00f6r att fr\u00e4mja integration av alla sociala grupper, oavsett k\u00f6n, \u00e5lder eller etniskt ursprung. M\u00e5len \u00e4r s\u00e4rskilt att f\u00f6rb\u00e4ttra tillg\u00e4ngligheten, kvaliteten och effektiviteten i utbildning f\u00f6r alla m\u00e4nniskor, att fr\u00e4mja och bidra till vuxenutbildning, livsl\u00e5ngt l\u00e4rande, e-l\u00e4rande och anv\u00e4ndningen av ny teknik inom utbildning och entrepren\u00f6rskap. F\u00f6reningen arbetar med m\u00e5nga partners fr\u00e5n Europa f\u00f6r att st\u00e4rka f\u00f6retagens ekonomiska st\u00e4llning och tillhandah\u00e5ller onlineplattformar f\u00f6r f\u00f6retag.<\/p><p>Hemsida: <a href=\"https:\/\/cwep.eu\/\">https:\/\/cwep.eu\/<\/a>\u00a0 <\/p>\t\t\t\t\t\t\t\t<\/div>\n\t\t\t\t<\/div>\n\t\t\t\t<div class=\"elementor-element elementor-element-fea138a elementor-widget-divider--view-line elementor-widget elementor-widget-divider\" data-id=\"fea138a\" data-element_type=\"widget\" data-e-type=\"widget\" data-widget_type=\"divider.default\">\n\t\t\t\t<div class=\"elementor-widget-container\">\n\t\t\t\t\t\t\t<div class=\"elementor-divider\">\n\t\t\t<span class=\"elementor-divider-separator\">\n\t\t\t\t\t\t<\/span>\n\t\t<\/div>\n\t\t\t\t\t\t<\/div>\n\t\t\t\t<\/div>\n\t\t\t\t\t<\/div>\n\t\t\t\t<\/div>\n\t\t<div class=\"elementor-element elementor-element-41c3e9f e-flex e-con-boxed e-con e-parent\" data-id=\"41c3e9f\" data-element_type=\"container\" data-e-type=\"container\">\n\t\t\t\t\t<div class=\"e-con-inner\">\n\t\t\t\t<div class=\"elementor-element elementor-element-48d14db elementor-widget elementor-widget-image\" data-id=\"48d14db\" data-element_type=\"widget\" data-e-type=\"widget\" data-widget_type=\"image.default\">\n\t\t\t\t<div class=\"elementor-widget-container\">\n\t\t\t\t\t\t\t\t\t\t\t\t\t\t\t<img decoding=\"async\" width=\"945\" height=\"264\" src=\"https:\/\/mindfulness.erasmus.site\/wp-content\/uploads\/2024\/02\/kainotomia-removebg-preview.webp\" class=\"attachment-large size-large wp-image-28\" alt=\"\" srcset=\"https:\/\/mindfulness.erasmus.site\/wp-content\/uploads\/2024\/02\/kainotomia-removebg-preview.webp 945w, https:\/\/mindfulness.erasmus.site\/wp-content\/uploads\/2024\/02\/kainotomia-removebg-preview-300x84.webp 300w, https:\/\/mindfulness.erasmus.site\/wp-content\/uploads\/2024\/02\/kainotomia-removebg-preview-768x215.webp 768w\" sizes=\"(max-width: 945px) 100vw, 945px\" \/>\t\t\t\t\t\t\t\t\t\t\t\t\t\t\t<\/div>\n\t\t\t\t<\/div>\n\t\t\t\t<div class=\"elementor-element elementor-element-d8125e2 elementor-widget elementor-widget-text-editor\" data-id=\"d8125e2\" data-element_type=\"widget\" data-e-type=\"widget\" data-widget_type=\"text-editor.default\">\n\t\t\t\t<div class=\"elementor-widget-container\">\n\t\t\t\t\t\t\t\t\t<p><strong>KAINOTOMIA &amp; SIA EE &#8211; Grekland | <a href=\"https:\/\/kainotomia.com.gr\/\">kainotomia.com.gr<\/a><\/strong><\/p>\t\t\t\t\t\t\t\t<\/div>\n\t\t\t\t<\/div>\n\t\t\t\t<div class=\"elementor-element elementor-element-6b55f2f elementor-widget elementor-widget-text-editor\" data-id=\"6b55f2f\" data-element_type=\"widget\" data-e-type=\"widget\" data-widget_type=\"text-editor.default\">\n\t\t\t\t<div class=\"elementor-widget-container\">\n\t\t\t\t\t\t\t\t\t<p>&#8221;KAINOTOMIA&#8221; \u00e4r ett livsl\u00e5ngt l\u00e4randecenter (KDVM) i Grekland, som \u00e4r aktivt inom omr\u00e5det yrkesutbildning. KAINOTOMIA har genomf\u00f6rt mer \u00e4n 60 fortbildningsprogram f\u00f6r arbetsl\u00f6sa, l\u00e4rare p\u00e5 alla utbildningsniv\u00e5er, h\u00f6gskolestudenter, anst\u00e4llda\/egenf\u00f6retagare och utsatta sociala grupper, f\u00f6r utveckling av yrkesm\u00f6jligheter och deras fr\u00e4mjande och integration p\u00e5 arbetsmarknaden och samh\u00e4llet i allm\u00e4nhet, genom innovativa program. &#8221;KAINOTOMIA&#8221; tillhandah\u00e5ller konsulttj\u00e4nster till f\u00f6retag och st\u00f6d- och r\u00e5dgivningstj\u00e4nster till praktikanter f\u00f6r att underl\u00e4tta deras (\u00e5ter)intr\u00e4de p\u00e5 arbetsmarknaden. &#8221;KAINOTOMIA&#8221; har deltagit i flera nationella projekt, som erbjuder en h\u00f6g grad av kompetens inom utbildning inom moderna omr\u00e5den, kombinera dem med de som \u00e4r mycket efterfr\u00e5gade p\u00e5 arbetsmarknaden f\u00f6r att utveckla kunskaper, f\u00e4rdigheter och attityder hos praktikanter f\u00f6r deras integration in p\u00e5 arbetsmarknaden. Dessutom deltar &#8221;KAINOTOMIA&#8221; i samfinansierade nationella program som kallas &#8221;lokala utvecklings- och entrepren\u00f6rskapsprojekt f\u00f6r arbetsl\u00f6sa utifr\u00e5n specifika lokala behov och utvecklingspotential.<\/p><p>Webbplats: <a href=\"https:\/\/kainotomia.com.gr\/\">https:\/\/kainotomia.com.gr\/<\/a> <\/p>\t\t\t\t\t\t\t\t<\/div>\n\t\t\t\t<\/div>\n\t\t\t\t<div class=\"elementor-element elementor-element-bf066a5 elementor-widget-divider--view-line elementor-widget elementor-widget-divider\" data-id=\"bf066a5\" data-element_type=\"widget\" data-e-type=\"widget\" data-widget_type=\"divider.default\">\n\t\t\t\t<div class=\"elementor-widget-container\">\n\t\t\t\t\t\t\t<div class=\"elementor-divider\">\n\t\t\t<span class=\"elementor-divider-separator\">\n\t\t\t\t\t\t<\/span>\n\t\t<\/div>\n\t\t\t\t\t\t<\/div>\n\t\t\t\t<\/div>\n\t\t\t\t\t<\/div>\n\t\t\t\t<\/div>\n\t\t<div class=\"elementor-element elementor-element-0417076 e-flex e-con-boxed e-con e-parent\" data-id=\"0417076\" data-element_type=\"container\" data-e-type=\"container\">\n\t\t\t\t\t<div class=\"e-con-inner\">\n\t\t\t\t<div class=\"elementor-element elementor-element-017a7ec elementor-widget elementor-widget-image\" data-id=\"017a7ec\" data-element_type=\"widget\" data-e-type=\"widget\" data-widget_type=\"image.default\">\n\t\t\t\t<div class=\"elementor-widget-container\">\n\t\t\t\t\t\t\t\t\t\t\t\t\t\t\t<img loading=\"lazy\" decoding=\"async\" width=\"1024\" height=\"417\" src=\"https:\/\/mindfulness.erasmus.site\/wp-content\/uploads\/2024\/02\/IRMI2-1024x417.webp\" class=\"attachment-large size-large wp-image-21\" alt=\"\" srcset=\"https:\/\/mindfulness.erasmus.site\/wp-content\/uploads\/2024\/02\/IRMI2-1024x417.webp 1024w, https:\/\/mindfulness.erasmus.site\/wp-content\/uploads\/2024\/02\/IRMI2-300x122.webp 300w, https:\/\/mindfulness.erasmus.site\/wp-content\/uploads\/2024\/02\/IRMI2-768x313.webp 768w, https:\/\/mindfulness.erasmus.site\/wp-content\/uploads\/2024\/02\/IRMI2-1536x625.webp 1536w, https:\/\/mindfulness.erasmus.site\/wp-content\/uploads\/2024\/02\/IRMI2-2048x834.webp 2048w\" sizes=\"(max-width: 1024px) 100vw, 1024px\" \/>\t\t\t\t\t\t\t\t\t\t\t\t\t\t\t<\/div>\n\t\t\t\t<\/div>\n\t\t\t\t<div class=\"elementor-element elementor-element-327898b elementor-widget elementor-widget-text-editor\" data-id=\"327898b\" data-element_type=\"widget\" data-e-type=\"widget\" data-widget_type=\"text-editor.default\">\n\t\t\t\t<div class=\"elementor-widget-container\">\n\t\t\t\t\t\t\t\t\t<p><strong>INSTITUT FUR ROMA UND MINDERHEITEN EV &#8211; Tyskland | <\/strong><a href=\"https:\/\/irm-inclusion.eu\/\"><strong>irm-inclusion<\/strong><\/a><\/p>\t\t\t\t\t\t\t\t<\/div>\n\t\t\t\t<\/div>\n\t\t\t\t<div class=\"elementor-element elementor-element-4be00cd elementor-widget elementor-widget-text-editor\" data-id=\"4be00cd\" data-element_type=\"widget\" data-e-type=\"widget\" data-widget_type=\"text-editor.default\">\n\t\t\t\t<div class=\"elementor-widget-container\">\n\t\t\t\t\t\t\t\t\t<p>&#8221;KAINOTOMIA&#8221; \u00e4r ett livsl\u00e5ngt l\u00e4randecenter (KDVM) i Grekland, som \u00e4r aktivt inom omr\u00e5det yrkesutbildning. KAINOTOMIA har genomf\u00f6rt mer \u00e4n 60 fortbildningsprogram f\u00f6r arbetsl\u00f6sa, l\u00e4rare p\u00e5 alla utbildningsniv\u00e5er, h\u00f6gskolestudenter, anst\u00e4llda\/egenf\u00f6retagare och utsatta sociala grupper, f\u00f6r utveckling av yrkesm\u00f6jligheter och deras fr\u00e4mjande och integration p\u00e5 arbetsmarknaden och samh\u00e4llet i allm\u00e4nhet, genom innovativa program. &#8221;KAINOTOMIA&#8221; tillhandah\u00e5ller konsulttj\u00e4nster till f\u00f6retag och st\u00f6d- och r\u00e5dgivningstj\u00e4nster till praktikanter f\u00f6r att underl\u00e4tta deras (\u00e5ter)intr\u00e4de p\u00e5 arbetsmarknaden. &#8221;KAINOTOMIA&#8221; har deltagit i flera nationella projekt, som erbjuder en h\u00f6g grad av kompetens inom utbildning inom moderna omr\u00e5den, kombinera dem med de som \u00e4r mycket efterfr\u00e5gade p\u00e5 arbetsmarknaden f\u00f6r att utveckla kunskaper, f\u00e4rdigheter och attityder hos praktikanter f\u00f6r deras integration in p\u00e5 arbetsmarknaden. Dessutom deltar &#8221;KAINOTOMIA&#8221; i samfinansierade nationella program som kallas &#8221;lokala utvecklings- och entrepren\u00f6rskapsprojekt f\u00f6r arbetsl\u00f6sa utifr\u00e5n specifika lokala behov och utvecklingspotential.<\/p><p>Webbplats: <a href=\"https:\/\/kainotomia.com.gr\/\">https:\/\/kainotomia.com.gr\/<\/a> Institutet f\u00f6r romer och minoriteters integration str\u00e4var efter ett samh\u00e4lle d\u00e4r m\u00e5lgrupperna (romer, migranter, flyktingar och personer med s\u00e4mre m\u00f6jligheter) har lika tillg\u00e5ng till m\u00f6jligheter oavsett etnicitet, har en r\u00f6st i sitt samh\u00e4lle och sitt samh\u00e4lle, vars behov hanteras av de institutioner som har en direkt inverkan i deras dagliga liv. Genom v\u00e5rt uppdrag str\u00e4var vi efter att s\u00e4kerst\u00e4lla h\u00e5llbar samh\u00e4llsutveckling genom att skapa m\u00f6jligheter f\u00f6r kvalitetsengagemang i civilsamh\u00e4llet, fr\u00e4mja l\u00e4randem\u00f6jligheter och aktivt engagemang av m\u00e5lgrupperna som m\u00e4nniskor med f\u00e4rre m\u00f6jligheter.<\/p><p>Webbplats: <a href=\"https:\/\/irm-inclusion.eu\/\">https:\/\/irm-inclusion.eu\/<\/a> <\/p>\t\t\t\t\t\t\t\t<\/div>\n\t\t\t\t<\/div>\n\t\t\t\t<div class=\"elementor-element elementor-element-f760c28 elementor-widget-divider--view-line elementor-widget elementor-widget-divider\" data-id=\"f760c28\" data-element_type=\"widget\" data-e-type=\"widget\" data-widget_type=\"divider.default\">\n\t\t\t\t<div class=\"elementor-widget-container\">\n\t\t\t\t\t\t\t<div class=\"elementor-divider\">\n\t\t\t<span class=\"elementor-divider-separator\">\n\t\t\t\t\t\t<\/span>\n\t\t<\/div>\n\t\t\t\t\t\t<\/div>\n\t\t\t\t<\/div>\n\t\t\t\t\t<\/div>\n\t\t\t\t<\/div>\n\t\t<div class=\"elementor-element elementor-element-140bc6c e-flex e-con-boxed e-con e-parent\" data-id=\"140bc6c\" data-element_type=\"container\" data-e-type=\"container\">\n\t\t\t\t\t<div class=\"e-con-inner\">\n\t\t\t\t<div class=\"elementor-element elementor-element-965b5c1 elementor-widget elementor-widget-image\" data-id=\"965b5c1\" data-element_type=\"widget\" data-e-type=\"widget\" data-widget_type=\"image.default\">\n\t\t\t\t<div class=\"elementor-widget-container\">\n\t\t\t\t\t\t\t\t\t\t\t\t\t\t\t<img loading=\"lazy\" decoding=\"async\" width=\"1024\" height=\"614\" src=\"https:\/\/mindfulness.erasmus.site\/wp-content\/uploads\/2024\/02\/base_logo_transparent_background-1024x614.webp\" class=\"attachment-large size-large wp-image-17\" alt=\"\" srcset=\"https:\/\/mindfulness.erasmus.site\/wp-content\/uploads\/2024\/02\/base_logo_transparent_background-1024x614.webp 1024w, https:\/\/mindfulness.erasmus.site\/wp-content\/uploads\/2024\/02\/base_logo_transparent_background-300x180.webp 300w, https:\/\/mindfulness.erasmus.site\/wp-content\/uploads\/2024\/02\/base_logo_transparent_background-768x461.webp 768w, https:\/\/mindfulness.erasmus.site\/wp-content\/uploads\/2024\/02\/base_logo_transparent_background-1536x922.webp 1536w, https:\/\/mindfulness.erasmus.site\/wp-content\/uploads\/2024\/02\/base_logo_transparent_background-2048x1229.webp 2048w\" sizes=\"(max-width: 1024px) 100vw, 1024px\" \/>\t\t\t\t\t\t\t\t\t\t\t\t\t\t\t<\/div>\n\t\t\t\t<\/div>\n\t\t\t\t<div class=\"elementor-element elementor-element-a11d05c elementor-widget elementor-widget-text-editor\" data-id=\"a11d05c\" data-element_type=\"widget\" data-e-type=\"widget\" data-widget_type=\"text-editor.default\">\n\t\t\t\t<div class=\"elementor-widget-container\">\n\t\t\t\t\t\t\t\t\t<p><strong>Cuiablue O\u00dc \u2013 Estland  | <a href=\"https:\/\/cuiablue.ee\">cuiablue.ee<\/a><\/strong><\/p>\t\t\t\t\t\t\t\t<\/div>\n\t\t\t\t<\/div>\n\t\t\t\t<div class=\"elementor-element elementor-element-46701c1 elementor-widget elementor-widget-text-editor\" data-id=\"46701c1\" data-element_type=\"widget\" data-e-type=\"widget\" data-widget_type=\"text-editor.default\">\n\t\t\t\t<div class=\"elementor-widget-container\">\n\t\t\t\t\t\t\t\t\t<p>Cuiablue O\u00dc \u00e4r ett socialt f\u00f6retag som driver positiv social och milj\u00f6m\u00e4ssig f\u00f6r\u00e4ndring genom kreativa utbildningsl\u00f6sningar f\u00f6r skr\u00e4ddarsytt informellt l\u00e4rande och yrkesutbildning. Cuiablue O\u00dc specialiserar sig p\u00e5 att designa innovativa verktyg f\u00f6r att st\u00f6dja l\u00e4rander\u00f6relser genom att arbeta tillsammans med grupper av m\u00e4nniskor f\u00f6r att fr\u00e4mja deras delade milj\u00f6m\u00e4ssiga, sociala eller kulturella id\u00e9er samtidigt som de utvecklar sina f\u00e4rdigheter och kunskaper.<\/p><p>Webbplats: <a href=\"https:\/\/cuiablue.ee\">https:\/\/cuiablue.ee<\/a> <\/p>\t\t\t\t\t\t\t\t<\/div>\n\t\t\t\t<\/div>\n\t\t\t\t<div class=\"elementor-element elementor-element-1422c6e elementor-widget-divider--view-line elementor-widget elementor-widget-divider\" data-id=\"1422c6e\" data-element_type=\"widget\" data-e-type=\"widget\" data-widget_type=\"divider.default\">\n\t\t\t\t<div class=\"elementor-widget-container\">\n\t\t\t\t\t\t\t<div class=\"elementor-divider\">\n\t\t\t<span class=\"elementor-divider-separator\">\n\t\t\t\t\t\t<\/span>\n\t\t<\/div>\n\t\t\t\t\t\t<\/div>\n\t\t\t\t<\/div>\n\t\t\t\t\t<\/div>\n\t\t\t\t<\/div>\n\t\t<div class=\"elementor-element elementor-element-17704e4 e-flex e-con-boxed e-con e-parent\" data-id=\"17704e4\" data-element_type=\"container\" data-e-type=\"container\">\n\t\t\t\t\t<div class=\"e-con-inner\">\n\t\t\t\t<div class=\"elementor-element elementor-element-bfc60a4 elementor-widget elementor-widget-image\" data-id=\"bfc60a4\" data-element_type=\"widget\" data-e-type=\"widget\" data-widget_type=\"image.default\">\n\t\t\t\t<div class=\"elementor-widget-container\">\n\t\t\t\t\t\t\t\t\t\t\t\t\t\t\t<img loading=\"lazy\" decoding=\"async\" width=\"240\" height=\"240\" src=\"https:\/\/mindfulness.erasmus.site\/wp-content\/uploads\/2024\/02\/NDF-LOGO.webp\" class=\"attachment-large size-large wp-image-30\" alt=\"\" srcset=\"https:\/\/mindfulness.erasmus.site\/wp-content\/uploads\/2024\/02\/NDF-LOGO.webp 240w, https:\/\/mindfulness.erasmus.site\/wp-content\/uploads\/2024\/02\/NDF-LOGO-150x150.webp 150w\" sizes=\"(max-width: 240px) 100vw, 240px\" \/>\t\t\t\t\t\t\t\t\t\t\t\t\t\t\t<\/div>\n\t\t\t\t<\/div>\n\t\t\t\t<div class=\"elementor-element elementor-element-03a748a elementor-widget elementor-widget-text-editor\" data-id=\"03a748a\" data-element_type=\"widget\" data-e-type=\"widget\" data-widget_type=\"text-editor.default\">\n\t\t\t\t<div class=\"elementor-widget-container\">\n\t\t\t\t\t\t\t\t\t<p><strong>NORDIC DIASPORA FORUM \u2013 Sverige  | <\/strong><a href=\"https:\/\/nordicdiasporaforum.eu\/\"><strong>nordicdiasporaforum.eu<\/strong><\/a><\/p>\t\t\t\t\t\t\t\t<\/div>\n\t\t\t\t<\/div>\n\t\t\t\t<div class=\"elementor-element elementor-element-64f5ac0 elementor-widget elementor-widget-text-editor\" data-id=\"64f5ac0\" data-element_type=\"widget\" data-e-type=\"widget\" data-widget_type=\"text-editor.default\">\n\t\t\t\t<div class=\"elementor-widget-container\">\n\t\t\t\t\t\t\t\t\t<p>Nordic Diaspora Forum \u00e4r en svenskbaserad NGO som ligger i framkant n\u00e4r det g\u00e4ller att ta itu med kritiska fr\u00e5gor relaterade till invandring, med s\u00e4rskilt fokus p\u00e5 social integration och integration, s\u00e4rskilt bland unga invandrare. V\u00e5ra initiativ syftar till att fr\u00e4mja en st\u00f6djande milj\u00f6 f\u00f6r det psykiska v\u00e4lbefinnandet f\u00f6r unga m\u00e4nniskor som navigerar i invandringens komplexitet. Genom forskning, opinionsbildning och praktiska program str\u00e4var vi efter att \u00f6ka medvetenheten, tillhandah\u00e5lla resurser och skapa inkluderande utrymmen som fr\u00e4mjar positiva resultat f\u00f6r invandrarungdomar. Utforska v\u00e5rt engagemang f\u00f6r denna sak som en del av v\u00e5rt bredare uppdrag inom omr\u00e5det social innovation, inkludering och integration.<\/p><p>Webbplats: <a href=\"https:\/\/nordicdiasporaforum.eu\/\">https:\/\/nordicdiasporaforum.eu\/<\/a> <\/p>\t\t\t\t\t\t\t\t<\/div>\n\t\t\t\t<\/div>\n\t\t\t\t<div class=\"elementor-element elementor-element-e765dd3 elementor-widget elementor-widget-spacer\" data-id=\"e765dd3\" data-element_type=\"widget\" data-e-type=\"widget\" data-widget_type=\"spacer.default\">\n\t\t\t\t<div class=\"elementor-widget-container\">\n\t\t\t\t\t\t\t<div class=\"elementor-spacer\">\n\t\t\t<div class=\"elementor-spacer-inner\"><\/div>\n\t\t<\/div>\n\t\t\t\t\t\t<\/div>\n\t\t\t\t<\/div>\n\t\t\t\t\t<\/div>\n\t\t\t\t<\/div>\n\t\t\t\t<\/div>\n\t\t","protected":false},"excerpt":{"rendered":"<p>Vi \u00e4r 6 partners fr\u00e5n 6 EU-l\u00e4nder! Projektkoordinator ARTEMISSZI\u00d3 ALAP\u00cdTV\u00c1NY \u2013 Ungern | artemisszio.hu Artemisszi\u00f3 grundades 1998 som en v\u00e4lg\u00f6renhetsstiftelse baserad i Budapest, Ungern. Vi tror p\u00e5 ett \u00f6ppet, tolerant samh\u00e4lle, d\u00e4r missgynnade m\u00e4nniskor ges m\u00f6jligheter och interkulturalitet v\u00e4rdes\u00e4tts. Vi vet att i denna nuvarande globaliserade v\u00e4rld \u00e4r f\u00f6rst\u00e5elsen av djupt varierande samh\u00e4llen en n\u00f6dv\u00e4ndig&hellip;&nbsp;<a href=\"https:\/\/mindfulness.erasmus.site\/sv\/partnership\/\" rel=\"bookmark\">L\u00e4s mer &raquo;<span class=\"screen-reader-text\">Partnerskap<\/span><\/a><\/p>\n","protected":false},"author":1,"featured_media":0,"parent":0,"menu_order":0,"comment_status":"closed","ping_status":"closed","template":"","meta":{"neve_meta_sidebar":"","neve_meta_container":"","neve_meta_enable_content_width":"off","neve_meta_content_width":100,"neve_meta_title_alignment":"","neve_meta_author_avatar":"","neve_post_elements_order":"","neve_meta_disable_header":"","neve_meta_disable_footer":"","neve_meta_disable_title":"","footnotes":""},"class_list":["post-52","page","type-page","status-publish","hentry"],"_links":{"self":[{"href":"https:\/\/mindfulness.erasmus.site\/sv\/wp-json\/wp\/v2\/pages\/52","targetHints":{"allow":["GET"]}}],"collection":[{"href":"https:\/\/mindfulness.erasmus.site\/sv\/wp-json\/wp\/v2\/pages"}],"about":[{"href":"https:\/\/mindfulness.erasmus.site\/sv\/wp-json\/wp\/v2\/types\/page"}],"author":[{"embeddable":true,"href":"https:\/\/mindfulness.erasmus.site\/sv\/wp-json\/wp\/v2\/users\/1"}],"replies":[{"embeddable":true,"href":"https:\/\/mindfulness.erasmus.site\/sv\/wp-json\/wp\/v2\/comments?post=52"}],"version-history":[{"count":161,"href":"https:\/\/mindfulness.erasmus.site\/sv\/wp-json\/wp\/v2\/pages\/52\/revisions"}],"predecessor-version":[{"id":1066,"href":"https:\/\/mindfulness.erasmus.site\/sv\/wp-json\/wp\/v2\/pages\/52\/revisions\/1066"}],"wp:attachment":[{"href":"https:\/\/mindfulness.erasmus.site\/sv\/wp-json\/wp\/v2\/media?parent=52"}],"curies":[{"name":"wp","href":"https:\/\/api.w.org\/{rel}","templated":true}]}}